{"id":203,"date":"2022-06-23T10:54:34","date_gmt":"2022-06-23T10:54:34","guid":{"rendered":"https:\/\/www.cabinet-jvl.fr\/site\/?page_id=203"},"modified":"2025-04-09T18:39:15","modified_gmt":"2025-04-09T16:39:15","slug":"page-daccueil","status":"publish","type":"page","link":"https:\/\/www.cabinet-jvl.fr\/site\/","title":{"rendered":"Page d&#8217;accueil"},"content":{"rendered":"\n<div class=\"wp-block-columns is-layout-flex wp-container-core-columns-is-layout-9d6595d7 wp-block-columns-is-layout-flex\">\n<div class=\"wp-block-column is-layout-flow wp-block-column-is-layout-flow\" style=\"flex-basis:66.66%\">\n<h2 class=\"wp-block-heading\">Derniers billets du blog<\/h2>\n\n\n<ul class=\"wp-block-latest-posts__list is-grid columns-2 alignleft wp-block-latest-posts\"><li><div class=\"wp-block-latest-posts__featured-image aligncenter\"><img loading=\"lazy\" decoding=\"async\" width=\"1024\" height=\"1024\" src=\"https:\/\/www.cabinet-jvl.fr\/site\/wp-content\/uploads\/565184016_10239769233354816_7611125231437184181_n-1024x1024.jpg\" class=\"attachment-large size-large wp-post-image\" alt=\"\" style=\"\" srcset=\"https:\/\/www.cabinet-jvl.fr\/site\/wp-content\/uploads\/565184016_10239769233354816_7611125231437184181_n-1024x1024.jpg 1024w, https:\/\/www.cabinet-jvl.fr\/site\/wp-content\/uploads\/565184016_10239769233354816_7611125231437184181_n-300x300.jpg 300w, https:\/\/www.cabinet-jvl.fr\/site\/wp-content\/uploads\/565184016_10239769233354816_7611125231437184181_n-100x100.jpg 100w, https:\/\/www.cabinet-jvl.fr\/site\/wp-content\/uploads\/565184016_10239769233354816_7611125231437184181_n-600x600.jpg 600w, https:\/\/www.cabinet-jvl.fr\/site\/wp-content\/uploads\/565184016_10239769233354816_7611125231437184181_n-150x150.jpg 150w, https:\/\/www.cabinet-jvl.fr\/site\/wp-content\/uploads\/565184016_10239769233354816_7611125231437184181_n-768x768.jpg 768w, https:\/\/www.cabinet-jvl.fr\/site\/wp-content\/uploads\/565184016_10239769233354816_7611125231437184181_n-1536x1536.jpg 1536w, https:\/\/www.cabinet-jvl.fr\/site\/wp-content\/uploads\/565184016_10239769233354816_7611125231437184181_n.jpg 2048w\" sizes=\"auto, (max-width: 1024px) 100vw, 1024px\" \/><\/div><a class=\"wp-block-latest-posts__post-title\" href=\"https:\/\/www.cabinet-jvl.fr\/site\/2025\/10\/23\/derniere-relecture-de-lart-de-la-relation-au-service-de-laccompagnement-volume-1-sortie-le-31-octobre-2025\/\">\u00c9preuve d&#8217;essai de \u201cL\u2019art de la relation au service de l\u2019accompagnement, volume 1\u201d : sortie le 31 octobre 2025 !<\/a><div class=\"wp-block-latest-posts__post-excerpt\">Quel moment saisissant \u2014 et, je dois le dire, profond\u00e9ment \u00e9mouvant \u2014 que celui o\u00f9 l\u2019on d\u00e9couvre le tirage d\u2019essai du livre sur lequel nous travaillons avec Jean Dupre depuis maintenant six ans. Sortie du volume 1 le 31 octobre 2025 !<\/div><\/li>\n<li><div class=\"wp-block-latest-posts__featured-image aligncenter\"><img loading=\"lazy\" decoding=\"async\" width=\"424\" height=\"590\" src=\"https:\/\/www.cabinet-jvl.fr\/site\/wp-content\/uploads\/558981277_10239723336567425_4092756674396406207_n.jpg\" class=\"attachment-large size-large wp-post-image\" alt=\"\" style=\"\" srcset=\"https:\/\/www.cabinet-jvl.fr\/site\/wp-content\/uploads\/558981277_10239723336567425_4092756674396406207_n.jpg 424w, https:\/\/www.cabinet-jvl.fr\/site\/wp-content\/uploads\/558981277_10239723336567425_4092756674396406207_n-300x417.jpg 300w, https:\/\/www.cabinet-jvl.fr\/site\/wp-content\/uploads\/558981277_10239723336567425_4092756674396406207_n-216x300.jpg 216w\" sizes=\"auto, (max-width: 424px) 100vw, 424px\" \/><\/div><a class=\"wp-block-latest-posts__post-title\" href=\"https:\/\/www.cabinet-jvl.fr\/site\/2025\/10\/13\/cycle-de-formation-au-cnfpt-autour-de-diversite-de-genre-de-relation-et-de-sexualite\/\">Cycle de formation au CNFPT autour de : &#8220;Diversit\u00e9 de genre, de relation et de sexualit\u00e9&#8221;<\/a><div class=\"wp-block-latest-posts__post-excerpt\">Aujourd&#8217;hui d\u00e9but d&#8217;un cycle de formation (2 fois 2 jours) que j&#8217;anime au CNFPT autour de : &#8220;Diversit\u00e9 de genre, de relation et de sexualit\u00e9&#8221;.<\/div><\/li>\n<li><div class=\"wp-block-latest-posts__featured-image aligncenter\"><img loading=\"lazy\" decoding=\"async\" width=\"614\" height=\"346\" src=\"https:\/\/www.cabinet-jvl.fr\/site\/wp-content\/uploads\/556557821_10239543845120251_2631983348017963380_n.jpg\" class=\"attachment-large size-large wp-post-image\" alt=\"\" style=\"\" srcset=\"https:\/\/www.cabinet-jvl.fr\/site\/wp-content\/uploads\/556557821_10239543845120251_2631983348017963380_n.jpg 614w, https:\/\/www.cabinet-jvl.fr\/site\/wp-content\/uploads\/556557821_10239543845120251_2631983348017963380_n-300x169.jpg 300w, https:\/\/www.cabinet-jvl.fr\/site\/wp-content\/uploads\/556557821_10239543845120251_2631983348017963380_n-600x338.jpg 600w\" sizes=\"auto, (max-width: 614px) 100vw, 614px\" \/><\/div><a class=\"wp-block-latest-posts__post-title\" href=\"https:\/\/www.cabinet-jvl.fr\/site\/2025\/10\/02\/hommage-a-jane-goodall\/\">Hommage \u00e0 Jane Goodall<\/a><div class=\"wp-block-latest-posts__post-excerpt\">Que le murmure des for\u00eats continue de la porter&#8230;<\/div><\/li>\n<li><div class=\"wp-block-latest-posts__featured-image aligncenter\"><img loading=\"lazy\" decoding=\"async\" width=\"464\" height=\"689\" src=\"https:\/\/www.cabinet-jvl.fr\/site\/wp-content\/uploads\/couverturelivre.png\" class=\"attachment-large size-large wp-post-image\" alt=\"\" style=\"\" srcset=\"https:\/\/www.cabinet-jvl.fr\/site\/wp-content\/uploads\/couverturelivre.png 464w, https:\/\/www.cabinet-jvl.fr\/site\/wp-content\/uploads\/couverturelivre-300x445.png 300w, https:\/\/www.cabinet-jvl.fr\/site\/wp-content\/uploads\/couverturelivre-202x300.png 202w\" sizes=\"auto, (max-width: 464px) 100vw, 464px\" \/><\/div><a class=\"wp-block-latest-posts__post-title\" href=\"https:\/\/www.cabinet-jvl.fr\/site\/2025\/09\/02\/les-dates-de-presentation-de-notre-livre-lart-de-la-relation-au-service-de-laccompagnement-volume-1-sont-connues\/\">Les dates de pr\u00e9sentation de notre livre &#8220;L&#8217;art de la relation au service de l&#8217;accompagnement, volume 1&#8221; sont connues !<\/a><div class=\"wp-block-latest-posts__post-excerpt\">La tourn\u00e9e promotionnelle de pr\u00e9sentation du livre co\u00e9crit avec mon compagnon d\u2019aventure Jean Dupre dont la sortie est pr\u00e9vue le 31 octobre 2025, d\u00e9butera le 19 novembre 2025, dans la charmante Ville de Besan\u00e7on Nous vous pr\u00e9parons une soir\u00e9e d\u2019exception faite d\u2019\u00e9changes, de questionnements et de partages !<\/div><\/li>\n<li><div class=\"wp-block-latest-posts__featured-image aligncenter\"><img loading=\"lazy\" decoding=\"async\" width=\"810\" height=\"540\" src=\"https:\/\/www.cabinet-jvl.fr\/site\/wp-content\/uploads\/518201831_10238266107737615_9219345640209105930_n.jpg\" class=\"attachment-large size-large wp-post-image\" alt=\"\" style=\"\" srcset=\"https:\/\/www.cabinet-jvl.fr\/site\/wp-content\/uploads\/518201831_10238266107737615_9219345640209105930_n.jpg 810w, https:\/\/www.cabinet-jvl.fr\/site\/wp-content\/uploads\/518201831_10238266107737615_9219345640209105930_n-300x200.jpg 300w, https:\/\/www.cabinet-jvl.fr\/site\/wp-content\/uploads\/518201831_10238266107737615_9219345640209105930_n-600x400.jpg 600w, https:\/\/www.cabinet-jvl.fr\/site\/wp-content\/uploads\/518201831_10238266107737615_9219345640209105930_n-768x512.jpg 768w\" sizes=\"auto, (max-width: 810px) 100vw, 810px\" \/><\/div><a class=\"wp-block-latest-posts__post-title\" href=\"https:\/\/www.cabinet-jvl.fr\/site\/2025\/07\/16\/bon-anniversaire-a-edgar-morin\/\">Bon anniversaire \u00e0 Edgar Morin !<\/a><div class=\"wp-block-latest-posts__post-excerpt\">Journ\u00e9e au Cabinet aujourd&#8217;hui, et pens\u00e9e pour Edgar Morin, qui a f\u00eat\u00e9 ses 104 ans le 9 juillet dernier !<\/div><\/li>\n<li><div class=\"wp-block-latest-posts__featured-image aligncenter\"><img loading=\"lazy\" decoding=\"async\" width=\"693\" height=\"540\" src=\"https:\/\/www.cabinet-jvl.fr\/site\/wp-content\/uploads\/511197037_10237996593239921_8852587232210140220_n.jpg\" class=\"attachment-large size-large wp-post-image\" alt=\"\" style=\"\" srcset=\"https:\/\/www.cabinet-jvl.fr\/site\/wp-content\/uploads\/511197037_10237996593239921_8852587232210140220_n.jpg 693w, https:\/\/www.cabinet-jvl.fr\/site\/wp-content\/uploads\/511197037_10237996593239921_8852587232210140220_n-300x234.jpg 300w, https:\/\/www.cabinet-jvl.fr\/site\/wp-content\/uploads\/511197037_10237996593239921_8852587232210140220_n-600x468.jpg 600w\" sizes=\"auto, (max-width: 693px) 100vw, 693px\" \/><\/div><a class=\"wp-block-latest-posts__post-title\" href=\"https:\/\/www.cabinet-jvl.fr\/site\/2025\/06\/27\/habilitation-a-assurer-des-formations-dans-le-cadre-du-plan-national-de-formation-valeurs-de-la-republique-et-laicite\/\">Habilitation \u00e0 assurer des formations dans le cadre du plan national de formation &#8220;Valeurs de la R\u00e9publique et la\u00efcit\u00e9&#8221;<\/a><div class=\"wp-block-latest-posts__post-excerpt\">Bonne nouvelle du jour ! je suis habilit\u00e9 jusqu&#8217;en 2028 pour former sur le th\u00e8me : &#8220;Valeurs de la R\u00e9publique et La\u00efcit\u00e9&#8221;, formation tant au sein des services de l&#8217;Etat que dans les collectivit\u00e9s territoriales ou en entreprise.<\/div><\/li>\n<\/ul>\n\n\n<p><a href=\"https:\/\/www.cabinet-jvl.fr\/site\/blog\/\" data-type=\"URL\" data-id=\"https:\/\/www.cabinet-jvl.fr\/site\/blog\/\">Tous les billets&#8230;<\/a><\/p>\n<\/div>\n\n\n\n<div class=\"wp-block-column is-layout-flow wp-block-column-is-layout-flow\" style=\"flex-basis:33.33%\">\n<h2 class=\"wp-block-heading\">D\u00e9placements<\/h2>\n\n\n<ul class=\"wp-block-latest-posts__list is-grid columns-2 aligncenter wp-block-latest-posts\"><li><div class=\"wp-block-latest-posts__featured-image\"><img loading=\"lazy\" decoding=\"async\" width=\"150\" height=\"150\" src=\"https:\/\/www.cabinet-jvl.fr\/site\/wp-content\/uploads\/Nancy-150x150.jpg\" class=\"attachment-thumbnail size-thumbnail wp-post-image\" alt=\"\" style=\"\" srcset=\"https:\/\/www.cabinet-jvl.fr\/site\/wp-content\/uploads\/Nancy-150x150.jpg 150w, https:\/\/www.cabinet-jvl.fr\/site\/wp-content\/uploads\/Nancy-100x100.jpg 100w\" sizes=\"auto, (max-width: 150px) 100vw, 150px\" \/><\/div><a class=\"wp-block-latest-posts__post-title\" href=\"https:\/\/www.cabinet-jvl.fr\/site\/2025\/07\/15\/nancy-9-au-15-juillet-2025\/\">Nancy, 9 au 15 juillet 2025<\/a><\/li>\n<li><div class=\"wp-block-latest-posts__featured-image\"><img loading=\"lazy\" decoding=\"async\" width=\"150\" height=\"150\" src=\"https:\/\/www.cabinet-jvl.fr\/site\/wp-content\/uploads\/Antibes-2-150x150.jpg\" class=\"attachment-thumbnail size-thumbnail wp-post-image\" alt=\"\" style=\"\" srcset=\"https:\/\/www.cabinet-jvl.fr\/site\/wp-content\/uploads\/Antibes-2-150x150.jpg 150w, https:\/\/www.cabinet-jvl.fr\/site\/wp-content\/uploads\/Antibes-2-100x100.jpg 100w\" sizes=\"auto, (max-width: 150px) 100vw, 150px\" \/><\/div><a class=\"wp-block-latest-posts__post-title\" href=\"https:\/\/www.cabinet-jvl.fr\/site\/2025\/07\/08\/antibes-8-juillet-2025\/\">Antibes, 8 juillet 2025<\/a><\/li>\n<li><div class=\"wp-block-latest-posts__featured-image\"><img loading=\"lazy\" decoding=\"async\" width=\"150\" height=\"150\" src=\"https:\/\/www.cabinet-jvl.fr\/site\/wp-content\/uploads\/Fontaine_de_la_Rotonde_-_Aix-en-Provence-150x150.jpg\" class=\"attachment-thumbnail size-thumbnail wp-post-image\" alt=\"\" style=\"\" srcset=\"https:\/\/www.cabinet-jvl.fr\/site\/wp-content\/uploads\/Fontaine_de_la_Rotonde_-_Aix-en-Provence-150x150.jpg 150w, https:\/\/www.cabinet-jvl.fr\/site\/wp-content\/uploads\/Fontaine_de_la_Rotonde_-_Aix-en-Provence-100x100.jpg 100w\" sizes=\"auto, (max-width: 150px) 100vw, 150px\" \/><\/div><a class=\"wp-block-latest-posts__post-title\" href=\"https:\/\/www.cabinet-jvl.fr\/site\/2025\/04\/18\/aix-en-provence-18-avril-2025\/\">Aix-en-Provence, 18 avril 2025<\/a><\/li>\n<li><div class=\"wp-block-latest-posts__featured-image\"><img loading=\"lazy\" decoding=\"async\" width=\"150\" height=\"150\" src=\"https:\/\/www.cabinet-jvl.fr\/site\/wp-content\/uploads\/490769080_10236811134324189_8725738666538227498_n-150x150.jpg\" class=\"attachment-thumbnail size-thumbnail wp-post-image\" alt=\"\" style=\"\" srcset=\"https:\/\/www.cabinet-jvl.fr\/site\/wp-content\/uploads\/490769080_10236811134324189_8725738666538227498_n-150x150.jpg 150w, https:\/\/www.cabinet-jvl.fr\/site\/wp-content\/uploads\/490769080_10236811134324189_8725738666538227498_n-300x300.jpg 300w, https:\/\/www.cabinet-jvl.fr\/site\/wp-content\/uploads\/490769080_10236811134324189_8725738666538227498_n-100x100.jpg 100w, https:\/\/www.cabinet-jvl.fr\/site\/wp-content\/uploads\/490769080_10236811134324189_8725738666538227498_n-600x600.jpg 600w, https:\/\/www.cabinet-jvl.fr\/site\/wp-content\/uploads\/490769080_10236811134324189_8725738666538227498_n-1024x1024.jpg 1024w, https:\/\/www.cabinet-jvl.fr\/site\/wp-content\/uploads\/490769080_10236811134324189_8725738666538227498_n-768x768.jpg 768w, https:\/\/www.cabinet-jvl.fr\/site\/wp-content\/uploads\/490769080_10236811134324189_8725738666538227498_n-1536x1536.jpg 1536w, https:\/\/www.cabinet-jvl.fr\/site\/wp-content\/uploads\/490769080_10236811134324189_8725738666538227498_n.jpg 2048w\" sizes=\"auto, (max-width: 150px) 100vw, 150px\" \/><\/div><a class=\"wp-block-latest-posts__post-title\" href=\"https:\/\/www.cabinet-jvl.fr\/site\/2025\/04\/15\/paris-14-et-15-avril-2025\/\">Paris, 14 et 15 avril 2025<\/a><\/li>\n<li><div class=\"wp-block-latest-posts__featured-image\"><img loading=\"lazy\" decoding=\"async\" width=\"150\" height=\"150\" src=\"https:\/\/www.cabinet-jvl.fr\/site\/wp-content\/uploads\/Besancon-150x150.jpg\" class=\"attachment-thumbnail size-thumbnail wp-post-image\" alt=\"\" style=\"\" srcset=\"https:\/\/www.cabinet-jvl.fr\/site\/wp-content\/uploads\/Besancon-150x150.jpg 150w, https:\/\/www.cabinet-jvl.fr\/site\/wp-content\/uploads\/Besancon-100x100.jpg 100w\" sizes=\"auto, (max-width: 150px) 100vw, 150px\" \/><\/div><a class=\"wp-block-latest-posts__post-title\" href=\"https:\/\/www.cabinet-jvl.fr\/site\/2025\/04\/04\/besancon-30-mars-au-4-avril-2025\/\">Besan\u00e7on, 30 mars au 4 avril 2025<\/a><\/li>\n<li><div class=\"wp-block-latest-posts__featured-image\"><img loading=\"lazy\" decoding=\"async\" width=\"150\" height=\"150\" src=\"https:\/\/www.cabinet-jvl.fr\/site\/wp-content\/uploads\/Paris-3-150x150.jpg\" class=\"attachment-thumbnail size-thumbnail wp-post-image\" alt=\"\" style=\"\" srcset=\"https:\/\/www.cabinet-jvl.fr\/site\/wp-content\/uploads\/Paris-3-150x150.jpg 150w, https:\/\/www.cabinet-jvl.fr\/site\/wp-content\/uploads\/Paris-3-300x300.jpg 300w, https:\/\/www.cabinet-jvl.fr\/site\/wp-content\/uploads\/Paris-3-100x100.jpg 100w, https:\/\/www.cabinet-jvl.fr\/site\/wp-content\/uploads\/Paris-3-600x600.jpg 600w, https:\/\/www.cabinet-jvl.fr\/site\/wp-content\/uploads\/Paris-3-1024x1024.jpg 1024w, https:\/\/www.cabinet-jvl.fr\/site\/wp-content\/uploads\/Paris-3-768x768.jpg 768w, https:\/\/www.cabinet-jvl.fr\/site\/wp-content\/uploads\/Paris-3-1536x1536.jpg 1536w, https:\/\/www.cabinet-jvl.fr\/site\/wp-content\/uploads\/Paris-3.jpg 2048w\" sizes=\"auto, (max-width: 150px) 100vw, 150px\" \/><\/div><a class=\"wp-block-latest-posts__post-title\" href=\"https:\/\/www.cabinet-jvl.fr\/site\/2025\/03\/27\/paris-27-mars-2025\/\">Paris, 27 mars 2025<\/a><\/li>\n<li><div class=\"wp-block-latest-posts__featured-image\"><img loading=\"lazy\" decoding=\"async\" width=\"150\" height=\"150\" src=\"https:\/\/www.cabinet-jvl.fr\/site\/wp-content\/uploads\/Antibes-2-150x150.jpg\" class=\"attachment-thumbnail size-thumbnail wp-post-image\" alt=\"\" style=\"\" srcset=\"https:\/\/www.cabinet-jvl.fr\/site\/wp-content\/uploads\/Antibes-2-150x150.jpg 150w, https:\/\/www.cabinet-jvl.fr\/site\/wp-content\/uploads\/Antibes-2-100x100.jpg 100w\" sizes=\"auto, (max-width: 150px) 100vw, 150px\" \/><\/div><a class=\"wp-block-latest-posts__post-title\" href=\"https:\/\/www.cabinet-jvl.fr\/site\/2025\/02\/25\/antibes-25-fevrier-2025\/\">Antibes, 25 f\u00e9vrier 2025<\/a><\/li>\n<li><div class=\"wp-block-latest-posts__featured-image\"><img loading=\"lazy\" decoding=\"async\" width=\"150\" height=\"150\" src=\"https:\/\/www.cabinet-jvl.fr\/site\/wp-content\/uploads\/Toulouse-Place_du_Capitole-150x150.jpg\" class=\"attachment-thumbnail size-thumbnail wp-post-image\" alt=\"\" style=\"\" srcset=\"https:\/\/www.cabinet-jvl.fr\/site\/wp-content\/uploads\/Toulouse-Place_du_Capitole-150x150.jpg 150w, https:\/\/www.cabinet-jvl.fr\/site\/wp-content\/uploads\/Toulouse-Place_du_Capitole-100x100.jpg 100w\" sizes=\"auto, (max-width: 150px) 100vw, 150px\" \/><\/div><a class=\"wp-block-latest-posts__post-title\" href=\"https:\/\/www.cabinet-jvl.fr\/site\/2025\/01\/25\/toulouse-25-janvier-2025\/\">Toulouse, 25 janvier 2025<\/a><\/li>\n<li><div class=\"wp-block-latest-posts__featured-image\"><img loading=\"lazy\" decoding=\"async\" width=\"150\" height=\"150\" src=\"https:\/\/www.cabinet-jvl.fr\/site\/wp-content\/uploads\/Antibes-Port-150x150.jpg\" class=\"attachment-thumbnail size-thumbnail wp-post-image\" alt=\"\" style=\"\" srcset=\"https:\/\/www.cabinet-jvl.fr\/site\/wp-content\/uploads\/Antibes-Port-150x150.jpg 150w, https:\/\/www.cabinet-jvl.fr\/site\/wp-content\/uploads\/Antibes-Port-100x100.jpg 100w\" sizes=\"auto, (max-width: 150px) 100vw, 150px\" \/><\/div><a class=\"wp-block-latest-posts__post-title\" href=\"https:\/\/www.cabinet-jvl.fr\/site\/2024\/12\/05\/antibes-5-decembre-2024\/\">Antibes, 5 d\u00e9cembre 2024<\/a><\/li>\n<li><div class=\"wp-block-latest-posts__featured-image\"><img loading=\"lazy\" decoding=\"async\" width=\"150\" height=\"150\" src=\"https:\/\/www.cabinet-jvl.fr\/site\/wp-content\/uploads\/Antibes-Gare-150x150.jpg\" class=\"attachment-thumbnail size-thumbnail wp-post-image\" alt=\"\" style=\"\" srcset=\"https:\/\/www.cabinet-jvl.fr\/site\/wp-content\/uploads\/Antibes-Gare-150x150.jpg 150w, https:\/\/www.cabinet-jvl.fr\/site\/wp-content\/uploads\/Antibes-Gare-100x100.jpg 100w\" sizes=\"auto, (max-width: 150px) 100vw, 150px\" \/><\/div><a class=\"wp-block-latest-posts__post-title\" href=\"https:\/\/www.cabinet-jvl.fr\/site\/2024\/11\/29\/antibes-23-novembre-2024\/\">Antibes, 23 et 29 novembre 2024<\/a><\/li>\n<li><div class=\"wp-block-latest-posts__featured-image\"><img loading=\"lazy\" decoding=\"async\" width=\"150\" height=\"150\" src=\"https:\/\/www.cabinet-jvl.fr\/site\/wp-content\/uploads\/Elzet-3-150x150.jpg\" class=\"attachment-thumbnail size-thumbnail wp-post-image\" alt=\"\" style=\"\" srcset=\"https:\/\/www.cabinet-jvl.fr\/site\/wp-content\/uploads\/Elzet-3-150x150.jpg 150w, https:\/\/www.cabinet-jvl.fr\/site\/wp-content\/uploads\/Elzet-3-300x300.jpg 300w, https:\/\/www.cabinet-jvl.fr\/site\/wp-content\/uploads\/Elzet-3-100x100.jpg 100w, https:\/\/www.cabinet-jvl.fr\/site\/wp-content\/uploads\/Elzet-3-600x600.jpg 600w, https:\/\/www.cabinet-jvl.fr\/site\/wp-content\/uploads\/Elzet-3-1024x1024.jpg 1024w, https:\/\/www.cabinet-jvl.fr\/site\/wp-content\/uploads\/Elzet-3-768x768.jpg 768w, https:\/\/www.cabinet-jvl.fr\/site\/wp-content\/uploads\/Elzet-3-1536x1536.jpg 1536w, https:\/\/www.cabinet-jvl.fr\/site\/wp-content\/uploads\/Elzet-3.jpg 2048w\" sizes=\"auto, (max-width: 150px) 100vw, 150px\" \/><\/div><a class=\"wp-block-latest-posts__post-title\" href=\"https:\/\/www.cabinet-jvl.fr\/site\/2024\/11\/07\/domaine-de-lelzet-28-octobre-au-7-novembre-2024\/\">Domaine\u00a0de\u00a0l&#8217;Elzet, 28 octobre au 7 novembre 2024<\/a><\/li>\n<li><div class=\"wp-block-latest-posts__featured-image\"><img loading=\"lazy\" decoding=\"async\" width=\"150\" height=\"150\" src=\"https:\/\/www.cabinet-jvl.fr\/site\/wp-content\/uploads\/Besancon-Citadelle-150x150.jpg\" class=\"attachment-thumbnail size-thumbnail wp-post-image\" alt=\"\" style=\"\" srcset=\"https:\/\/www.cabinet-jvl.fr\/site\/wp-content\/uploads\/Besancon-Citadelle-150x150.jpg 150w, https:\/\/www.cabinet-jvl.fr\/site\/wp-content\/uploads\/Besancon-Citadelle-100x100.jpg 100w\" sizes=\"auto, (max-width: 150px) 100vw, 150px\" \/><\/div><a class=\"wp-block-latest-posts__post-title\" href=\"https:\/\/www.cabinet-jvl.fr\/site\/2024\/10\/17\/besancon-17-octobre-2024\/\">Besan\u00e7on, 17 octobre 2024<\/a><\/li>\n<li><div class=\"wp-block-latest-posts__featured-image\"><img loading=\"lazy\" decoding=\"async\" width=\"150\" height=\"150\" src=\"https:\/\/www.cabinet-jvl.fr\/site\/wp-content\/uploads\/Saint-Laurent-du-Var-1-150x150.jpg\" class=\"attachment-thumbnail size-thumbnail wp-post-image\" alt=\"\" style=\"\" srcset=\"https:\/\/www.cabinet-jvl.fr\/site\/wp-content\/uploads\/Saint-Laurent-du-Var-1-150x150.jpg 150w, https:\/\/www.cabinet-jvl.fr\/site\/wp-content\/uploads\/Saint-Laurent-du-Var-1-300x300.jpg 300w, https:\/\/www.cabinet-jvl.fr\/site\/wp-content\/uploads\/Saint-Laurent-du-Var-1-100x100.jpg 100w, https:\/\/www.cabinet-jvl.fr\/site\/wp-content\/uploads\/Saint-Laurent-du-Var-1-600x600.jpg 600w, https:\/\/www.cabinet-jvl.fr\/site\/wp-content\/uploads\/Saint-Laurent-du-Var-1-1024x1024.jpg 1024w, https:\/\/www.cabinet-jvl.fr\/site\/wp-content\/uploads\/Saint-Laurent-du-Var-1-768x768.jpg 768w, https:\/\/www.cabinet-jvl.fr\/site\/wp-content\/uploads\/Saint-Laurent-du-Var-1-1536x1536.jpg 1536w, https:\/\/www.cabinet-jvl.fr\/site\/wp-content\/uploads\/Saint-Laurent-du-Var-1.jpg 1869w\" sizes=\"auto, (max-width: 150px) 100vw, 150px\" \/><\/div><a class=\"wp-block-latest-posts__post-title\" href=\"https:\/\/www.cabinet-jvl.fr\/site\/2024\/06\/20\/saint-laurent-du-var-19-juin-2024\/\">Saint Laurent du Var, 19 juin 2024<\/a><\/li>\n<li><div class=\"wp-block-latest-posts__featured-image\"><img loading=\"lazy\" decoding=\"async\" width=\"150\" height=\"150\" src=\"https:\/\/www.cabinet-jvl.fr\/site\/wp-content\/uploads\/Paris-2-150x150.jpg\" class=\"attachment-thumbnail size-thumbnail wp-post-image\" alt=\"\" style=\"\" srcset=\"https:\/\/www.cabinet-jvl.fr\/site\/wp-content\/uploads\/Paris-2-150x150.jpg 150w, https:\/\/www.cabinet-jvl.fr\/site\/wp-content\/uploads\/Paris-2-300x300.jpg 300w, https:\/\/www.cabinet-jvl.fr\/site\/wp-content\/uploads\/Paris-2-100x100.jpg 100w, https:\/\/www.cabinet-jvl.fr\/site\/wp-content\/uploads\/Paris-2.jpg 526w\" sizes=\"auto, (max-width: 150px) 100vw, 150px\" \/><\/div><a class=\"wp-block-latest-posts__post-title\" href=\"https:\/\/www.cabinet-jvl.fr\/site\/2024\/06\/15\/paris-14-et-15-juin-2024\/\">Paris, 14 et 15 juin 2024<\/a><\/li>\n<li><div class=\"wp-block-latest-posts__featured-image\"><img loading=\"lazy\" decoding=\"async\" width=\"150\" height=\"150\" src=\"https:\/\/www.cabinet-jvl.fr\/site\/wp-content\/uploads\/Deplacement-Actas-2024-150x150.jpg\" class=\"attachment-thumbnail size-thumbnail wp-post-image\" alt=\"\" style=\"\" srcset=\"https:\/\/www.cabinet-jvl.fr\/site\/wp-content\/uploads\/Deplacement-Actas-2024-150x150.jpg 150w, https:\/\/www.cabinet-jvl.fr\/site\/wp-content\/uploads\/Deplacement-Actas-2024-300x300.jpg 300w, https:\/\/www.cabinet-jvl.fr\/site\/wp-content\/uploads\/Deplacement-Actas-2024-100x100.jpg 100w, https:\/\/www.cabinet-jvl.fr\/site\/wp-content\/uploads\/Deplacement-Actas-2024.jpg 526w\" sizes=\"auto, (max-width: 150px) 100vw, 150px\" \/><\/div><a class=\"wp-block-latest-posts__post-title\" href=\"https:\/\/www.cabinet-jvl.fr\/site\/2024\/06\/14\/la-teste-de-buch-12-au-14-juin-2024\/\">La Teste de Buch, 12 au 14 juin 2024<\/a><\/li>\n<li><div class=\"wp-block-latest-posts__featured-image\"><img loading=\"lazy\" decoding=\"async\" width=\"150\" height=\"150\" src=\"https:\/\/www.cabinet-jvl.fr\/site\/wp-content\/uploads\/Domaine-Elzet-1-150x150.jpg\" class=\"attachment-thumbnail size-thumbnail wp-post-image\" alt=\"\" style=\"\" srcset=\"https:\/\/www.cabinet-jvl.fr\/site\/wp-content\/uploads\/Domaine-Elzet-1-150x150.jpg 150w, https:\/\/www.cabinet-jvl.fr\/site\/wp-content\/uploads\/Domaine-Elzet-1-300x300.jpg 300w, https:\/\/www.cabinet-jvl.fr\/site\/wp-content\/uploads\/Domaine-Elzet-1-100x100.jpg 100w, https:\/\/www.cabinet-jvl.fr\/site\/wp-content\/uploads\/Domaine-Elzet-1.jpg 526w\" sizes=\"auto, (max-width: 150px) 100vw, 150px\" \/><\/div><a class=\"wp-block-latest-posts__post-title\" href=\"https:\/\/www.cabinet-jvl.fr\/site\/2024\/06\/12\/domaine-de-lelzet-8-au-12-juin-2024\/\">Domaine de l&#8217;Elzet, 8 au 12 juin 2024<\/a><\/li>\n<li><div class=\"wp-block-latest-posts__featured-image\"><img loading=\"lazy\" decoding=\"async\" width=\"150\" height=\"150\" src=\"https:\/\/www.cabinet-jvl.fr\/site\/wp-content\/uploads\/Antibes-1-150x150.jpg\" class=\"attachment-thumbnail size-thumbnail wp-post-image\" alt=\"\" style=\"\" srcset=\"https:\/\/www.cabinet-jvl.fr\/site\/wp-content\/uploads\/Antibes-1-150x150.jpg 150w, https:\/\/www.cabinet-jvl.fr\/site\/wp-content\/uploads\/Antibes-1-300x300.jpg 300w, https:\/\/www.cabinet-jvl.fr\/site\/wp-content\/uploads\/Antibes-1-100x100.jpg 100w, https:\/\/www.cabinet-jvl.fr\/site\/wp-content\/uploads\/Antibes-1-600x600.jpg 600w, https:\/\/www.cabinet-jvl.fr\/site\/wp-content\/uploads\/Antibes-1-1024x1024.jpg 1024w, https:\/\/www.cabinet-jvl.fr\/site\/wp-content\/uploads\/Antibes-1-768x768.jpg 768w, https:\/\/www.cabinet-jvl.fr\/site\/wp-content\/uploads\/Antibes-1-1536x1536.jpg 1536w, https:\/\/www.cabinet-jvl.fr\/site\/wp-content\/uploads\/Antibes-1.jpg 2048w\" sizes=\"auto, (max-width: 150px) 100vw, 150px\" \/><\/div><a class=\"wp-block-latest-posts__post-title\" href=\"https:\/\/www.cabinet-jvl.fr\/site\/2024\/06\/01\/antibes-30-avril-et-1er-juin-2024\/\">Antibes, 30 mai et 1er juin 2024<\/a><\/li>\n<li><div class=\"wp-block-latest-posts__featured-image\"><img loading=\"lazy\" decoding=\"async\" width=\"150\" height=\"150\" src=\"https:\/\/www.cabinet-jvl.fr\/site\/wp-content\/uploads\/Saint-Laurent-du-Var-150x150.jpg\" class=\"attachment-thumbnail size-thumbnail wp-post-image\" alt=\"\" style=\"\" srcset=\"https:\/\/www.cabinet-jvl.fr\/site\/wp-content\/uploads\/Saint-Laurent-du-Var-150x150.jpg 150w, https:\/\/www.cabinet-jvl.fr\/site\/wp-content\/uploads\/Saint-Laurent-du-Var-300x300.jpg 300w, https:\/\/www.cabinet-jvl.fr\/site\/wp-content\/uploads\/Saint-Laurent-du-Var-100x100.jpg 100w, https:\/\/www.cabinet-jvl.fr\/site\/wp-content\/uploads\/Saint-Laurent-du-Var-600x600.jpg 600w, https:\/\/www.cabinet-jvl.fr\/site\/wp-content\/uploads\/Saint-Laurent-du-Var-1024x1024.jpg 1024w, https:\/\/www.cabinet-jvl.fr\/site\/wp-content\/uploads\/Saint-Laurent-du-Var-768x768.jpg 768w, https:\/\/www.cabinet-jvl.fr\/site\/wp-content\/uploads\/Saint-Laurent-du-Var.jpg 1204w\" sizes=\"auto, (max-width: 150px) 100vw, 150px\" \/><\/div><a class=\"wp-block-latest-posts__post-title\" href=\"https:\/\/www.cabinet-jvl.fr\/site\/2024\/05\/29\/saint-laurent-du-var-29-mai-2024\/\">Saint Laurent du Var, 29 mai 2024<\/a><\/li>\n<li><div class=\"wp-block-latest-posts__featured-image\"><img loading=\"lazy\" decoding=\"async\" width=\"150\" height=\"150\" src=\"https:\/\/www.cabinet-jvl.fr\/site\/wp-content\/uploads\/Paris-1-150x150.jpg\" class=\"attachment-thumbnail size-thumbnail wp-post-image\" alt=\"\" style=\"\" srcset=\"https:\/\/www.cabinet-jvl.fr\/site\/wp-content\/uploads\/Paris-1-150x150.jpg 150w, https:\/\/www.cabinet-jvl.fr\/site\/wp-content\/uploads\/Paris-1-300x300.jpg 300w, https:\/\/www.cabinet-jvl.fr\/site\/wp-content\/uploads\/Paris-1-100x100.jpg 100w, https:\/\/www.cabinet-jvl.fr\/site\/wp-content\/uploads\/Paris-1-600x600.jpg 600w, https:\/\/www.cabinet-jvl.fr\/site\/wp-content\/uploads\/Paris-1-1024x1024.jpg 1024w, https:\/\/www.cabinet-jvl.fr\/site\/wp-content\/uploads\/Paris-1-768x768.jpg 768w, https:\/\/www.cabinet-jvl.fr\/site\/wp-content\/uploads\/Paris-1-1536x1536.jpg 1536w, https:\/\/www.cabinet-jvl.fr\/site\/wp-content\/uploads\/Paris-1.jpg 2048w\" sizes=\"auto, (max-width: 150px) 100vw, 150px\" \/><\/div><a class=\"wp-block-latest-posts__post-title\" href=\"https:\/\/www.cabinet-jvl.fr\/site\/2024\/05\/25\/paris-25-mai-2024\/\">Paris, 22 au 25 mai 2024<\/a><\/li>\n<li><div class=\"wp-block-latest-posts__featured-image\"><img loading=\"lazy\" decoding=\"async\" width=\"150\" height=\"150\" src=\"https:\/\/www.cabinet-jvl.fr\/site\/wp-content\/uploads\/Domaine-Elzet-150x150.jpg\" class=\"attachment-thumbnail size-thumbnail wp-post-image\" alt=\"\" style=\"\" srcset=\"https:\/\/www.cabinet-jvl.fr\/site\/wp-content\/uploads\/Domaine-Elzet-150x150.jpg 150w, https:\/\/www.cabinet-jvl.fr\/site\/wp-content\/uploads\/Domaine-Elzet-300x300.jpg 300w, https:\/\/www.cabinet-jvl.fr\/site\/wp-content\/uploads\/Domaine-Elzet-100x100.jpg 100w, https:\/\/www.cabinet-jvl.fr\/site\/wp-content\/uploads\/Domaine-Elzet-600x600.jpg 600w, https:\/\/www.cabinet-jvl.fr\/site\/wp-content\/uploads\/Domaine-Elzet-1024x1024.jpg 1024w, https:\/\/www.cabinet-jvl.fr\/site\/wp-content\/uploads\/Domaine-Elzet-768x768.jpg 768w, https:\/\/www.cabinet-jvl.fr\/site\/wp-content\/uploads\/Domaine-Elzet.jpg 1440w\" sizes=\"auto, (max-width: 150px) 100vw, 150px\" \/><\/div><a class=\"wp-block-latest-posts__post-title\" href=\"https:\/\/www.cabinet-jvl.fr\/site\/2024\/05\/10\/domaine-de-lelzet-10-au-17-mai-2024\/\">Domaine de l&#8217;Elzet, 10 au 17 mai 2024<\/a><\/li>\n<li><div class=\"wp-block-latest-posts__featured-image\"><img loading=\"lazy\" decoding=\"async\" width=\"150\" height=\"150\" src=\"https:\/\/www.cabinet-jvl.fr\/site\/wp-content\/uploads\/CNFPT-Antenne-Alpes-Maritimes-150x150.jpg\" class=\"attachment-thumbnail size-thumbnail wp-post-image\" alt=\"CNFPT Antenne Alpes Maritimes formation diversit\u00e9 de genres\" style=\"\" srcset=\"https:\/\/www.cabinet-jvl.fr\/site\/wp-content\/uploads\/CNFPT-Antenne-Alpes-Maritimes-150x150.jpg 150w, https:\/\/www.cabinet-jvl.fr\/site\/wp-content\/uploads\/CNFPT-Antenne-Alpes-Maritimes-300x300.jpg 300w, https:\/\/www.cabinet-jvl.fr\/site\/wp-content\/uploads\/CNFPT-Antenne-Alpes-Maritimes-100x100.jpg 100w, https:\/\/www.cabinet-jvl.fr\/site\/wp-content\/uploads\/CNFPT-Antenne-Alpes-Maritimes-600x600.jpg 600w, https:\/\/www.cabinet-jvl.fr\/site\/wp-content\/uploads\/CNFPT-Antenne-Alpes-Maritimes-1024x1024.jpg 1024w, https:\/\/www.cabinet-jvl.fr\/site\/wp-content\/uploads\/CNFPT-Antenne-Alpes-Maritimes-768x768.jpg 768w, https:\/\/www.cabinet-jvl.fr\/site\/wp-content\/uploads\/CNFPT-Antenne-Alpes-Maritimes-1536x1536.jpg 1536w, https:\/\/www.cabinet-jvl.fr\/site\/wp-content\/uploads\/CNFPT-Antenne-Alpes-Maritimes.jpg 2048w\" sizes=\"auto, (max-width: 150px) 100vw, 150px\" \/><\/div><a class=\"wp-block-latest-posts__post-title\" href=\"https:\/\/www.cabinet-jvl.fr\/site\/2024\/04\/19\/saint-laurent-du-var-18-et-19-avril-2024\/\">Saint-Laurent-du-Var, 18 et 19 avril 2024<\/a><\/li>\n<li><div class=\"wp-block-latest-posts__featured-image\"><img loading=\"lazy\" decoding=\"async\" width=\"150\" height=\"150\" src=\"https:\/\/www.cabinet-jvl.fr\/site\/wp-content\/uploads\/Antibes-150x150.jpg\" class=\"attachment-thumbnail size-thumbnail wp-post-image\" alt=\"\" style=\"\" srcset=\"https:\/\/www.cabinet-jvl.fr\/site\/wp-content\/uploads\/Antibes-150x150.jpg 150w, https:\/\/www.cabinet-jvl.fr\/site\/wp-content\/uploads\/Antibes-300x300.jpg 300w, https:\/\/www.cabinet-jvl.fr\/site\/wp-content\/uploads\/Antibes-100x100.jpg 100w, https:\/\/www.cabinet-jvl.fr\/site\/wp-content\/uploads\/Antibes-600x600.jpg 600w, https:\/\/www.cabinet-jvl.fr\/site\/wp-content\/uploads\/Antibes-1024x1024.jpg 1024w, https:\/\/www.cabinet-jvl.fr\/site\/wp-content\/uploads\/Antibes-768x768.jpg 768w, https:\/\/www.cabinet-jvl.fr\/site\/wp-content\/uploads\/Antibes-1536x1536.jpg 1536w, https:\/\/www.cabinet-jvl.fr\/site\/wp-content\/uploads\/Antibes.jpg 1564w\" sizes=\"auto, (max-width: 150px) 100vw, 150px\" \/><\/div><a class=\"wp-block-latest-posts__post-title\" href=\"https:\/\/www.cabinet-jvl.fr\/site\/2024\/03\/16\/antibes-16-mars-2024\/\">Antibes, 16 mars 2024<\/a><\/li>\n<\/ul><\/div>\n<\/div>\n","protected":false},"excerpt":{"rendered":"<p>Derniers billets du blog Tous les billets&#8230; D\u00e9placements<\/p>\n","protected":false},"author":1,"featured_media":0,"parent":0,"menu_order":0,"comment_status":"closed","ping_status":"closed","template":"homepage.php","meta":{"footnotes":""},"class_list":["post-203","page","type-page","status-publish","hentry"],"yoast_head":"<!-- This site is optimized with the Yoast SEO plugin v23.6 - https:\/\/yoast.com\/wordpress\/plugins\/seo\/ -->\n<title>Page d&#039;accueil - Cabinet JVL<\/title>\n<meta name=\"robots\" content=\"index, follow, max-snippet:-1, max-image-preview:large, max-video-preview:-1\" \/>\n<link rel=\"canonical\" href=\"https:\/\/www.cabinet-jvl.fr\/site\/\" \/>\n<meta property=\"og:locale\" content=\"fr_FR\" \/>\n<meta property=\"og:type\" content=\"article\" \/>\n<meta property=\"og:title\" content=\"Page d&#039;accueil - Cabinet JVL\" \/>\n<meta property=\"og:description\" content=\"Derniers billets du blog Tous les billets&#8230; D\u00e9placements\" \/>\n<meta property=\"og:url\" content=\"https:\/\/www.cabinet-jvl.fr\/site\/\" \/>\n<meta property=\"og:site_name\" content=\"Cabinet JVL\" \/>\n<meta property=\"article:publisher\" content=\"https:\/\/www.facebook.com\/CabinetJVL\" \/>\n<meta property=\"article:modified_time\" content=\"2025-04-09T16:39:15+00:00\" \/>\n<meta name=\"twitter:card\" content=\"summary_large_image\" \/>\n<meta name=\"twitter:site\" content=\"@lamethodejvl\" \/>\n<meta name=\"twitter:label1\" content=\"Dur\u00e9e de lecture estim\u00e9e\" \/>\n\t<meta name=\"twitter:data1\" content=\"1 minute\" \/>\n<script type=\"application\/ld+json\" class=\"yoast-schema-graph\">{\"@context\":\"https:\/\/schema.org\",\"@graph\":[{\"@type\":\"WebPage\",\"@id\":\"https:\/\/www.cabinet-jvl.fr\/site\/\",\"url\":\"https:\/\/www.cabinet-jvl.fr\/site\/\",\"name\":\"Page d'accueil - Cabinet JVL\",\"isPartOf\":{\"@id\":\"https:\/\/www.cabinet-jvl.fr\/site\/#website\"},\"datePublished\":\"2022-06-23T10:54:34+00:00\",\"dateModified\":\"2025-04-09T16:39:15+00:00\",\"breadcrumb\":{\"@id\":\"https:\/\/www.cabinet-jvl.fr\/site\/#breadcrumb\"},\"inLanguage\":\"fr-FR\",\"potentialAction\":[{\"@type\":\"ReadAction\",\"target\":[\"https:\/\/www.cabinet-jvl.fr\/site\/\"]}]},{\"@type\":\"BreadcrumbList\",\"@id\":\"https:\/\/www.cabinet-jvl.fr\/site\/#breadcrumb\",\"itemListElement\":[{\"@type\":\"ListItem\",\"position\":1,\"name\":\"Accueil\",\"item\":\"https:\/\/www.cabinet-jvl.fr\/site\/\"},{\"@type\":\"ListItem\",\"position\":2,\"name\":\"Page d&#8217;accueil\"}]},{\"@type\":\"WebSite\",\"@id\":\"https:\/\/www.cabinet-jvl.fr\/site\/#website\",\"url\":\"https:\/\/www.cabinet-jvl.fr\/site\/\",\"name\":\"Cabinet JVL\",\"description\":\"J\u00e9r\u00f4me Valentin-L\u00e9autaud, Th\u00e9rapeute Consultant et Formateur \u00e0 Nice\",\"publisher\":{\"@id\":\"https:\/\/www.cabinet-jvl.fr\/site\/#organization\"},\"potentialAction\":[{\"@type\":\"SearchAction\",\"target\":{\"@type\":\"EntryPoint\",\"urlTemplate\":\"https:\/\/www.cabinet-jvl.fr\/site\/?s={search_term_string}\"},\"query-input\":{\"@type\":\"PropertyValueSpecification\",\"valueRequired\":true,\"valueName\":\"search_term_string\"}}],\"inLanguage\":\"fr-FR\"},{\"@type\":\"Organization\",\"@id\":\"https:\/\/www.cabinet-jvl.fr\/site\/#organization\",\"name\":\"Cabinet J\u00e9r\u00f4me Valentin-L\u00e9autaud\",\"url\":\"https:\/\/www.cabinet-jvl.fr\/site\/\",\"logo\":{\"@type\":\"ImageObject\",\"inLanguage\":\"fr-FR\",\"@id\":\"https:\/\/www.cabinet-jvl.fr\/site\/#\/schema\/logo\/image\/\",\"url\":\"https:\/\/www.cabinet-jvl.fr\/site\/wp-content\/uploads\/logo-cabinet-jvl-s.png\",\"contentUrl\":\"https:\/\/www.cabinet-jvl.fr\/site\/wp-content\/uploads\/logo-cabinet-jvl-s.png\",\"width\":1044,\"height\":638,\"caption\":\"Cabinet J\u00e9r\u00f4me Valentin-L\u00e9autaud\"},\"image\":{\"@id\":\"https:\/\/www.cabinet-jvl.fr\/site\/#\/schema\/logo\/image\/\"},\"sameAs\":[\"https:\/\/www.facebook.com\/CabinetJVL\",\"https:\/\/x.com\/lamethodejvl\"]}]}<\/script>\n<!-- \/ Yoast SEO plugin. -->","yoast_head_json":{"title":"Page d'accueil - Cabinet JVL","robots":{"index":"index","follow":"follow","max-snippet":"max-snippet:-1","max-image-preview":"max-image-preview:large","max-video-preview":"max-video-preview:-1"},"canonical":"https:\/\/www.cabinet-jvl.fr\/site\/","og_locale":"fr_FR","og_type":"article","og_title":"Page d'accueil - Cabinet JVL","og_description":"Derniers billets du blog Tous les billets&#8230; D\u00e9placements","og_url":"https:\/\/www.cabinet-jvl.fr\/site\/","og_site_name":"Cabinet JVL","article_publisher":"https:\/\/www.facebook.com\/CabinetJVL","article_modified_time":"2025-04-09T16:39:15+00:00","twitter_card":"summary_large_image","twitter_site":"@lamethodejvl","twitter_misc":{"Dur\u00e9e de lecture estim\u00e9e":"1 minute"},"schema":{"@context":"https:\/\/schema.org","@graph":[{"@type":"WebPage","@id":"https:\/\/www.cabinet-jvl.fr\/site\/","url":"https:\/\/www.cabinet-jvl.fr\/site\/","name":"Page d'accueil - Cabinet JVL","isPartOf":{"@id":"https:\/\/www.cabinet-jvl.fr\/site\/#website"},"datePublished":"2022-06-23T10:54:34+00:00","dateModified":"2025-04-09T16:39:15+00:00","breadcrumb":{"@id":"https:\/\/www.cabinet-jvl.fr\/site\/#breadcrumb"},"inLanguage":"fr-FR","potentialAction":[{"@type":"ReadAction","target":["https:\/\/www.cabinet-jvl.fr\/site\/"]}]},{"@type":"BreadcrumbList","@id":"https:\/\/www.cabinet-jvl.fr\/site\/#breadcrumb","itemListElement":[{"@type":"ListItem","position":1,"name":"Accueil","item":"https:\/\/www.cabinet-jvl.fr\/site\/"},{"@type":"ListItem","position":2,"name":"Page d&#8217;accueil"}]},{"@type":"WebSite","@id":"https:\/\/www.cabinet-jvl.fr\/site\/#website","url":"https:\/\/www.cabinet-jvl.fr\/site\/","name":"Cabinet JVL","description":"J\u00e9r\u00f4me Valentin-L\u00e9autaud, Th\u00e9rapeute Consultant et Formateur \u00e0 Nice","publisher":{"@id":"https:\/\/www.cabinet-jvl.fr\/site\/#organization"},"potentialAction":[{"@type":"SearchAction","target":{"@type":"EntryPoint","urlTemplate":"https:\/\/www.cabinet-jvl.fr\/site\/?s={search_term_string}"},"query-input":{"@type":"PropertyValueSpecification","valueRequired":true,"valueName":"search_term_string"}}],"inLanguage":"fr-FR"},{"@type":"Organization","@id":"https:\/\/www.cabinet-jvl.fr\/site\/#organization","name":"Cabinet J\u00e9r\u00f4me Valentin-L\u00e9autaud","url":"https:\/\/www.cabinet-jvl.fr\/site\/","logo":{"@type":"ImageObject","inLanguage":"fr-FR","@id":"https:\/\/www.cabinet-jvl.fr\/site\/#\/schema\/logo\/image\/","url":"https:\/\/www.cabinet-jvl.fr\/site\/wp-content\/uploads\/logo-cabinet-jvl-s.png","contentUrl":"https:\/\/www.cabinet-jvl.fr\/site\/wp-content\/uploads\/logo-cabinet-jvl-s.png","width":1044,"height":638,"caption":"Cabinet J\u00e9r\u00f4me Valentin-L\u00e9autaud"},"image":{"@id":"https:\/\/www.cabinet-jvl.fr\/site\/#\/schema\/logo\/image\/"},"sameAs":["https:\/\/www.facebook.com\/CabinetJVL","https:\/\/x.com\/lamethodejvl"]}]}},"_links":{"self":[{"href":"https:\/\/www.cabinet-jvl.fr\/site\/wp-json\/wp\/v2\/pages\/203","targetHints":{"allow":["GET"]}}],"collection":[{"href":"https:\/\/www.cabinet-jvl.fr\/site\/wp-json\/wp\/v2\/pages"}],"about":[{"href":"https:\/\/www.cabinet-jvl.fr\/site\/wp-json\/wp\/v2\/types\/page"}],"author":[{"embeddable":true,"href":"https:\/\/www.cabinet-jvl.fr\/site\/wp-json\/wp\/v2\/users\/1"}],"replies":[{"embeddable":true,"href":"https:\/\/www.cabinet-jvl.fr\/site\/wp-json\/wp\/v2\/comments?post=203"}],"version-history":[{"count":25,"href":"https:\/\/www.cabinet-jvl.fr\/site\/wp-json\/wp\/v2\/pages\/203\/revisions"}],"predecessor-version":[{"id":1685,"href":"https:\/\/www.cabinet-jvl.fr\/site\/wp-json\/wp\/v2\/pages\/203\/revisions\/1685"}],"wp:attachment":[{"href":"https:\/\/www.cabinet-jvl.fr\/site\/wp-json\/wp\/v2\/media?parent=203"}],"curies":[{"name":"wp","href":"https:\/\/api.w.org\/{rel}","templated":true}]}}