{"id":188,"date":"2022-06-23T10:17:11","date_gmt":"2022-06-23T10:17:11","guid":{"rendered":"https:\/\/www.cabinet-jvl.fr\/site\/?page_id=188"},"modified":"2025-10-23T16:27:26","modified_gmt":"2025-10-23T14:27:26","slug":"qui-est-jerome-valentin-leautaud","status":"publish","type":"page","link":"https:\/\/www.cabinet-jvl.fr\/site\/qui-est-jerome-valentin-leautaud\/","title":{"rendered":"J\u00e9r\u00f4me Valentin-L\u00e9autaud"},"content":{"rendered":"\n<p>Au fil des ann\u00e9es, j&#8217;ai capitalis\u00e9 des comp\u00e9tences et des exp\u00e9riences dans les sph\u00e8res de la psychologie, de l&#8217;anthropologie, de la sociologie et de la g\u00e9ographie humaine. De la recherche fondamentale \u00e0 l&#8217;action publique, de la mod\u00e9lisation des dynamiques collectives \u00e0 l&#8217;accompagnement th\u00e9rapeutique, ce parcours pluridisciplinaire s&#8217;ancre dans une exploration curieuse de l&#8217;Humain et de ses fonctionnements. Ces savoirs, je les mets aujourd&#8217;hui au service des accompagnements que j&#8217;assure.<\/p>\n\n\n\n<!--more-->\n\n\n\n<h2 class=\"wp-block-heading\" id=\"parcours-professionnel\">Un fil rouge : l&#8217;humain, la complexit\u00e9 et les interactions<\/h2>\n\n\n\n<p>Si un fil conducteur traverse mon parcours, c&#8217;est bien celui de la passion pour l&#8217;humain et la curiosit\u00e9 face aux dynamiques d&#8217;interaction qui fa\u00e7onnent nos relations et nos ajustements au monde. De la th\u00e9orie \u00e0 la pratique, de la mod\u00e9lisation des comportements collectifs \u00e0 l&#8217;accompagnement de la personne dans sa singularit\u00e9, j&#8217;ai chemin\u00e9 vers ce qu&#8217;il y a de plus essentiel : la relation et la qualit\u00e9 de pr\u00e9sence \u00e0 l&#8217;Autre.<\/p>\n\n\n\n<p>Mon ancrage intellectuel s&#8217;est construit autour des penseurs de la complexit\u00e9 dont Edgar Morin, Gregory Bateson et plus g\u00e9n\u00e9ralement l&#8217;\u00c9cole de Palo Alto. Ces r\u00e9f\u00e9rences, enrichies par les enseignements de mentors qui m&#8217;ont transmis leur passion de l&#8217;humain, ont nourri ma lecture du monde et ma compr\u00e9hension des syst\u00e8mes relationnels.<\/p>\n\n\n\n<p>Titulaire d&#8217;un Master II &#8220;Structure et Dynamiques Spatiales&#8221; (codirig\u00e9 par un professeur de psycho-sociologie et un professeur de g\u00e9ographie), d&#8217;un titre d&#8217;Ing\u00e9nieur Ma\u00eetre en Am\u00e9nagement du Territoire orient\u00e9 management de projets socio-urbains et environnementaux, ainsi que du bagage culturel que constituent 4 ann\u00e9es d&#8217;Histoire des Arts et Arch\u00e9ologie (sp\u00e9cialit\u00e9 Arch\u00e9ozoologie), j&#8217;ai tr\u00e8s t\u00f4t articul\u00e9 des approches pluridisciplinaires et transdisciplinaires pour saisir la complexit\u00e9 de la pens\u00e9e et des comportements humains.<\/p>\n\n\n\n<h2 class=\"wp-block-heading\" id=\"nouvelle-carriere-professionnelle\">De la recherche au terrain : comprendre et mod\u00e9liser les dynamiques humaines<\/h2>\n\n\n\n<p>Dipl\u00f4m\u00e9 en 2004, j&#8217;ai d\u00e9but\u00e9 ma carri\u00e8re professionnelle sur les th\u00e9matiques du sport de haut niveau au sein du Minist\u00e8re de la Jeunesse, des Sports et de la Coh\u00e9sion Sociale. \u00c0 la suite, j&#8217;ai poursuivi ma formation en Master II puis conduit durant trois ann\u00e9es un travail doctoral articulant de fa\u00e7on syst\u00e9mique et complexe les champs de la psychologie sociale et de la g\u00e9ographie, traitant des peurs, angoisses et \u00e9motions en milieux urbains.<\/p>\n\n\n\n<p>\u00c0 partir de 2005, j&#8217;ai travaill\u00e9 dans un laboratoire de recherche (UMR-CNRS) o\u00f9 j&#8217;ai co-anim\u00e9 durant plusieurs ann\u00e9es un projet retenu par l&#8217;Agence Nationale de la Recherche (ANR). Comprendre, analyser et mod\u00e9liser les dynamiques psycho-socio-spatiales, observer comment les comportements individuels et collectifs s&#8217;inscrivent dans des espaces et des temporalit\u00e9s, comment ils se fa\u00e7onnent mutuellement. Ce travail m&#8217;a permis d&#8217;affiner mes outils d&#8217;observation et d&#8217;analyse des m\u00e9canismes d&#8217;ajustement mutuel mais aussi de mesurer les limites intrins\u00e8ques aux processus de mod\u00e9lisation.<\/p>\n\n\n\n<h2 class=\"wp-block-heading\">Quinze ann\u00e9es au service du collectif : traduire la th\u00e9orie en action concr\u00e8te<\/h2>\n\n\n\n<p>Mon engagement dans le service public \u2013 \u00c9tat puis Collectivit\u00e9s Territoriales \u2013 m&#8217;a conduit \u00e0 occuper des postes \u00e0 responsabilit\u00e9 comme Charg\u00e9 de mission, Conseiller ou Directeur. J&#8217;ai dirig\u00e9 une mission en charge de la Lutte Contre les Discriminations et pour la Promotion de l&#8217;\u00c9galit\u00e9 au sein d&#8217;une collectivit\u00e9 de 120 000 habitants, puis le D\u00e9veloppement \u00c9conomique, Social et Urbain pour le compte d&#8217;une autre collectivit\u00e9 territoriale.<\/p>\n\n\n\n<p>Ces quinze ann\u00e9es ont \u00e9t\u00e9 marqu\u00e9es par une pr\u00e9occupation constante : traduire la commande politique en \u00e9volution concr\u00e8te au b\u00e9n\u00e9fice des usagers et b\u00e9n\u00e9ficiaires, notamment les plus vuln\u00e9rables. Alternant accueil de victimes de violences, animation de r\u00e9seaux socio-\u00e9conomiques, conseils aux responsables et \u00e9lus, accompagnement de publics confront\u00e9s \u00e0 l&#8217;isolement et \u00e0 la pr\u00e9carit\u00e9, j&#8217;ai affin\u00e9 ma lecture des m\u00e9canismes psychosociaux dans ce qu&#8217;ils ont de plus concret.<\/p>\n\n\n\n<p>Par la diversit\u00e9 des situations rencontr\u00e9es \u2013 ch\u00f4mage, violence intrafamiliale, discrimination, handicap, addiction, \u00e9chec scolaire, isolement, marginalisation, rupture familiale, maltraitance \u2013, j&#8217;ai construit une solide exp\u00e9rience de l&#8217;accompagnement de personnes, de groupes et de structures confront\u00e9s aux vicissitudes de l&#8217;existence.<\/p>\n\n\n\n<h2 class=\"wp-block-heading\">Le virage vers la singularit\u00e9 : une maturation n\u00e9cessaire<\/h2>\n\n\n\n<p>Apr\u00e8s ces ann\u00e9es riches et intenses, une question s&#8217;est progressivement impos\u00e9e : celle du sens et de l&#8217;utilit\u00e9. Non par frustration, mais par un besoin int\u00e9rieur de diversification et d&#8217;enrichissement de mon parcours. Une maturation qui m&#8217;a conduit \u00e0 revenir \u00e0 mon centre de pr\u00e9occupation premier : <strong>la personne dans sa singularit\u00e9<\/strong>, avec une proximit\u00e9 plus grande \u00e0 l&#8217;humain et un meilleur accompagnement des sp\u00e9cificit\u00e9s de chacun.<\/p>\n\n\n\n<p>Cette conviction que la relation est au c\u0153ur de tout accompagnement m&#8217;a pouss\u00e9 \u00e0 me consacrer pleinement \u00e0 cette dimension. Je me suis engag\u00e9 dans une p\u00e9riode de r\u00e9flexion et de formation intensive dont l&#8217;aboutissement est le lancement du Cabinet JVL.<\/p>\n\n\n\n<p>Form\u00e9 \u00e0 la psychopathologie et la sexo-analyse (<a href=\"http:\/\/alainheril.com\/les-livres\/\">A. H\u00e9ril<\/a>), l&#8217;accompagnement des abus et traumas (<a href=\"http:\/\/alainheril.com\/les-livres\/\">A. H\u00e9ril<\/a> et I. <a href=\"https:\/\/lepeuch.fr\/\">Le Peuc&#8217;h<\/a>), la th\u00e9rapie conversationnelle et narrative (J. Dupr\u00e9), les neurosciences pour l&#8217;accompagnement (<a href=\"https:\/\/www.bio.espci.fr\/Thierry-Gallopin\">T. Galopin<\/a>), l&#8217;accompagnement au changement et au questionnement (L. Bertin), l&#8217;hypnose \u00e9ricksonienne (<a href=\"https:\/\/www.eyrolles.com\/Accueil\/Auteur\/kevin-finel-91306\/\">K. Finel<\/a> &amp; P.-A. Perez), la pr\u00e9vention des troubles du comportement alimentaire (<a href=\"https:\/\/www.eyrolles.com\/Litterature\/Livre\/faim-de-vie-9782841868919\/\">M. Hoffmann<\/a>), et la pr\u00e9vention des conduites suicidaires.<\/p>\n\n\n\n<h2 class=\"wp-block-heading\">Une pratique int\u00e9grative : relation, progressivit\u00e9 et respect du rythme<\/h2>\n\n\n\n<p>Ma pratique repose sur l&#8217;observation, la description et la facilitation du changement par le questionnement strat\u00e9gique, l&#8217;approche conversationnaliste et le r\u00e9cit. <strong>La relation avant tout, la progressivit\u00e9, le respect du rythme de la personne accompagn\u00e9e.<\/strong> Et cette conviction qu&#8217;on peut \u00e9changer avec s\u00e9rieux sans se prendre au s\u00e9rieux, avec douceur et attention \u00e0 ce qui se joue dans l&#8217;instant.<\/p>\n\n\n\n<p>Cette fa\u00e7on d&#8217;\u00eatre et de faire s&#8217;est construite au fil de mes exp\u00e9riences, de mes rencontres, de mon propre parcours th\u00e9rapeutique initi\u00e9 il y a plus de 15 ans. La formation continue tient une place pr\u00e9pond\u00e9rante et me permet de proposer aux personnes que j&#8217;accompagne un soutien toujours plus sp\u00e9cifique, appropri\u00e9 et adapt\u00e9. Je b\u00e9n\u00e9ficie \u00e9galement d&#8217;une supervision de qualit\u00e9 assur\u00e9e par un professionnel.<\/p>\n\n\n\n<h2 class=\"wp-block-heading\">Transmission, recherche et collaborations : une approche r\u00e9solument int\u00e9grative<\/h2>\n\n\n\n<p>Parall\u00e8lement \u00e0 mon activit\u00e9 de praticien, je suis intervenu de nombreuses ann\u00e9es dans des Instituts R\u00e9gionaux du Travail Social et je poursuis depuis 2006 mes interventions dans des formations universitaires, notamment de Masters. Je forme au Centre National de la Fonction Publique Territoriale, et dans diverses \u00e9coles priv\u00e9es telles que Sup de Pub (Paris) ou par le pass\u00e9 l&#8217;ICN Business School de Nancy. J&#8217;interviens \u00e9galement aupr\u00e8s de plusieurs centres de formation qui pr\u00e9parent aux pratiques de l&#8217;accompagnement.<\/p>\n\n\n\n<p><a href=\"https:\/\/tradis.uqam.ca\/jerome-valentin-leautaud\/\">Chercheur clinicien rattach\u00e9 \u00e0 la Chaire TRADIS de l&#8217;Universit\u00e9 du Qu\u00e9bec \u00e0 Montr\u00e9al (UQ\u00c0M)<\/a>, je collabore avec des universitaires de l&#8217;Universit\u00e9 de Franche-Comt\u00e9, sur des dynamiques d&#8217;enqu\u00eates, d&#8217;analyses et de mod\u00e9lisation, mais aussi des travaux en \u00ab regards crois\u00e9s \u00bb sur certains types de publics accompagn\u00e9s.<\/p>\n\n\n\n<p>Je supervise des professionnels de la relation d&#8217;aide et anime des groupes d&#8217;analyse des pratiques pour travailleurs sociaux, acteurs du m\u00e9dico-social et praticiens de l&#8217;accompagnement. Ces collaborations r\u00e9guli\u00e8res avec des confr\u00e8res et cons\u0153urs, tant sur le plan clinique que p\u00e9dagogique, assument pleinement l&#8217;aspect int\u00e9gratif de mon approche : croiser les regards, enrichir les pratiques, questionner les certitudes.<\/p>\n\n\n\n<h2 class=\"wp-block-heading\">Cabinet JVL : une vision int\u00e9grative<\/h2>\n\n\n\n<p>Cr\u00e9ateur du Cabinet JVL, j&#8217;y d\u00e9ploie une vision int\u00e9grative de l&#8217;accompagnement et de la recherche, nourrie par mes exp\u00e9riences de terrain, ma formation continue et mon engagement dans la transmission des savoirs.<\/p>\n\n\n\n<p>De la th\u00e9orie \u00e0 la pratique, de la mod\u00e9lisation des dynamiques collectives \u00e0 l&#8217;accompagnement des singularit\u00e9s, mon parcours t\u00e9moigne d&#8217;une coh\u00e9rence profonde : celle d&#8217;une passion pour l&#8217;humain et d&#8217;une fascination pour ce qui se joue dans la relation, ce tissu invisible et pourtant si tangible qui nous relie et nous transforme.<\/p>\n\n\n\n<p class=\"has-text-align-right\"><a href=\"https:\/\/www.cabinet-jvl.fr\/site\/nous-contacter\/\"><strong>Me contacter<\/strong><\/a><\/p>\n\n\n\n<h2 class=\"wp-block-heading\" id=\"references\">R\u00e9f\u00e9rences<\/h2>\n\n\n\n<p>Pour ce qui concerne les formations, vous \u00eates inform\u00e9s que le num\u00e9ro de d\u00e9claration d&#8217;activit\u00e9 est le n\u00b093061180406 aupr\u00e8s de la Pr\u00e9fecture&nbsp;de&nbsp;PACA&nbsp;(06). Vous pouvez le v\u00e9rifier sur <a href=\"https:\/\/annuaire-entreprises.data.gouv.fr\/entreprise\/cabinet-jvl-953956570\">la fiche entreprise du Cabinet JVL tenue \u00e0 jour par le Gouvernement<\/a> et sp\u00e9cifiquement <a href=\"https:\/\/annuaire-entreprises.data.gouv.fr\/labels-certificats\/953956570#organisme-de-formation\">sur cette page<\/a>.<\/p>\n\n\n\n<p>Vous trouverez ci-dessous une&nbsp;<strong>\u00e9valuation<\/strong>&nbsp;et des&nbsp;<strong>attestations<\/strong>&nbsp;produites pour compl\u00e9ter votre information.<\/p>\n\n\n\n<div class=\"wp-block-media-text alignwide is-stacked-on-mobile\" style=\"grid-template-columns:22% auto\"><figure class=\"wp-block-media-text__media\"><a href=\"https:\/\/www.cabinet-jvl.fr\/site\/wp-content\/uploads\/JeromeValentinLeautaud-Evaluation-Sophie-Mariani-Rousset.pdf\" target=\"_blank\" rel=\"noreferrer noopener\"><img loading=\"lazy\" decoding=\"async\" width=\"1024\" height=\"476\" src=\"https:\/\/www.cabinet-jvl.fr\/site\/wp-content\/uploads\/logo-ubfc-1-1024x476.png\" alt=\"\" class=\"wp-image-373 size-full\" srcset=\"https:\/\/www.cabinet-jvl.fr\/site\/wp-content\/uploads\/logo-ubfc-1-1024x476.png 1024w, https:\/\/www.cabinet-jvl.fr\/site\/wp-content\/uploads\/logo-ubfc-1-300x140.png 300w, https:\/\/www.cabinet-jvl.fr\/site\/wp-content\/uploads\/logo-ubfc-1-600x279.png 600w, https:\/\/www.cabinet-jvl.fr\/site\/wp-content\/uploads\/logo-ubfc-1-768x357.png 768w, https:\/\/www.cabinet-jvl.fr\/site\/wp-content\/uploads\/logo-ubfc-1.png 1081w\" sizes=\"auto, (max-width: 1024px) 100vw, 1024px\" \/><\/a><\/figure><div class=\"wp-block-media-text__content\">\n<p><strong>\u00c9valuation individuelle<\/strong>&nbsp;<em>par<\/em> <strong>Sophie Mariani-Rousset<\/strong><br><small>MCF de psychologie &#8211; UBFC Franche-Comt\u00e9<\/small><br><small>Laboratoire ELLIADD &#8211; EA 4661<\/small><br><a href=\"https:\/\/www.cabinet-jvl.fr\/site\/wp-content\/uploads\/JeromeValentinLeautaud-Evaluation-Sophie-Mariani-Rousset.pdf\" data-type=\"URL\" data-id=\"https:\/\/www.cabinet-jvl.fr\/site\/wp-content\/uploads\/JeromeValentinLeautaud-Evaluation-Sophie-Mariani-Rousset.pdf\">Voir le docume<\/a><a href=\"https:\/\/www.cabinet-jvl.fr\/site\/wp-content\/uploads\/JeromeValentinLeautaud-Evaluation-Sophie-Mariani-Rousset.pdf\" data-type=\"URL\" data-id=\"https:\/\/www.cabinet-jvl.fr\/site\/wp-content\/uploads\/JeromeValentinLeautaud-Evaluation-Sophie-Mariani-Rousset.pdf\" target=\"_blank\" rel=\"noreferrer noopener\">n<\/a><a href=\"https:\/\/www.cabinet-jvl.fr\/site\/wp-content\/uploads\/JeromeValentinLeautaud-Evaluation-Sophie-Mariani-Rousset.pdf\" data-type=\"URL\" data-id=\"https:\/\/www.cabinet-jvl.fr\/site\/wp-content\/uploads\/JeromeValentinLeautaud-Evaluation-Sophie-Mariani-Rousset.pdf\">t (PDF)<\/a><\/p>\n<\/div><\/div>\n\n\n\n<div class=\"wp-block-media-text alignwide is-stacked-on-mobile\" style=\"grid-template-columns:22% auto\"><figure class=\"wp-block-media-text__media\"><a href=\"https:\/\/www.cabinet-jvl.fr\/site\/wp-content\/uploads\/JeromeValentinLeautaud-Attestation-Pierre-Frankhauser.pdf\" target=\"_blank\" rel=\"noreferrer noopener\"><img loading=\"lazy\" decoding=\"async\" width=\"399\" height=\"168\" src=\"https:\/\/www.cabinet-jvl.fr\/site\/wp-content\/uploads\/logo-thema-1.jpg\" alt=\"\" class=\"wp-image-372 size-full\" srcset=\"https:\/\/www.cabinet-jvl.fr\/site\/wp-content\/uploads\/logo-thema-1.jpg 399w, https:\/\/www.cabinet-jvl.fr\/site\/wp-content\/uploads\/logo-thema-1-300x126.jpg 300w\" sizes=\"auto, (max-width: 399px) 100vw, 399px\" \/><\/a><\/figure><div class=\"wp-block-media-text__content\">\n<p><strong>Attestation<\/strong>&nbsp;<em>par<\/em> <strong>Pierre Frankhauser<\/strong><br><small>Professeur des Universit\u00e9s en G\u00e9ographie<\/small><br><small>Universit\u00e9 de Bourgogne Franche-Comt\u00e9<\/small><br><a href=\"https:\/\/www.cabinet-jvl.fr\/site\/wp-content\/uploads\/JeromeValentinLeautaud-Attestation-Pierre-Frankhauser.pdf\" data-type=\"URL\" data-id=\"https:\/\/www.cabinet-jvl.fr\/site\/wp-content\/uploads\/JeromeValentinLeautaud-Attestation-Pierre-Frankhauser.pdf\" target=\"_blank\" rel=\"noreferrer noopener\">Voir le document (PDF)<\/a><\/p>\n<\/div><\/div>\n\n\n\n<div class=\"wp-block-media-text alignwide is-stacked-on-mobile\" style=\"grid-template-columns:22% auto\"><figure class=\"wp-block-media-text__media\"><a href=\"https:\/\/www.cabinet-jvl.fr\/site\/wp-content\/uploads\/JeromeValentinLeautaud-Attestation-Dominique-Ansel.pdf\" target=\"_blank\" rel=\"noreferrer noopener\"><img loading=\"lazy\" decoding=\"async\" width=\"1024\" height=\"354\" src=\"https:\/\/www.cabinet-jvl.fr\/site\/wp-content\/uploads\/logo-slhs-1-1024x354.jpg\" alt=\"\" class=\"wp-image-374 size-full\" srcset=\"https:\/\/www.cabinet-jvl.fr\/site\/wp-content\/uploads\/logo-slhs-1-1024x354.jpg 1024w, https:\/\/www.cabinet-jvl.fr\/site\/wp-content\/uploads\/logo-slhs-1-300x104.jpg 300w, https:\/\/www.cabinet-jvl.fr\/site\/wp-content\/uploads\/logo-slhs-1-600x207.jpg 600w, https:\/\/www.cabinet-jvl.fr\/site\/wp-content\/uploads\/logo-slhs-1-768x265.jpg 768w, https:\/\/www.cabinet-jvl.fr\/site\/wp-content\/uploads\/logo-slhs-1-1536x530.jpg 1536w, https:\/\/www.cabinet-jvl.fr\/site\/wp-content\/uploads\/logo-slhs-1.jpg 1633w\" sizes=\"auto, (max-width: 1024px) 100vw, 1024px\" \/><\/a><\/figure><div class=\"wp-block-media-text__content\">\n<p><strong>Attestation<\/strong>&nbsp;<em>par<\/em> <strong>Dominique Ansel<\/strong><br><small>MCF de Psychologie sociale<br>Universit\u00e9 de Franche-Comt\u00e9<\/small><br><a href=\"https:\/\/www.cabinet-jvl.fr\/site\/wp-content\/uploads\/JeromeValentinLeautaud-Attestation-Dominique-Ansel.pdf\" data-type=\"URL\" data-id=\"https:\/\/www.cabinet-jvl.fr\/site\/wp-content\/uploads\/JeromeValentinLeautaud-Attestation-Dominique-Ansel.pdf\" target=\"_blank\" rel=\"noreferrer noopener\">Voir le document (PDF)<\/a><\/p>\n<\/div><\/div>\n\n\n\n<div class=\"wp-block-media-text alignwide is-stacked-on-mobile\" style=\"grid-template-columns:22% auto\"><figure class=\"wp-block-media-text__media\"><a href=\"https:\/\/www.cabinet-jvl.fr\/site\/wp-content\/uploads\/JeromeValentinLeautaud-Attestation-Andree-Chauvin-Vileno.pdf\" target=\"_blank\" rel=\"noreferrer noopener\"><img loading=\"lazy\" decoding=\"async\" width=\"164\" height=\"132\" src=\"https:\/\/www.cabinet-jvl.fr\/site\/wp-content\/uploads\/logo-elliadd-2.png\" alt=\"\" class=\"wp-image-375 size-full\"\/><\/a><\/figure><div class=\"wp-block-media-text__content\">\n<p><strong>Attestation<\/strong>&nbsp;<em>par<\/em> <strong>Andr\u00e9e Chauvin-Vileno<\/strong><br><small>Professeure de Sciences du langage<br>Universit\u00e9 Bourgogne Franche-Comt\u00e9<br>Laboratoire ELLIADD, EA 4661<\/small><br><a href=\"https:\/\/www.cabinet-jvl.fr\/site\/wp-content\/uploads\/JeromeValentinLeautaud-Attestation-Andree-Chauvin-Vileno.pdf\" data-type=\"URL\" data-id=\"https:\/\/www.cabinet-jvl.fr\/site\/wp-content\/uploads\/JeromeValentinLeautaud-Attestation-Andree-Chauvin-Vileno.pdf\" target=\"_blank\" rel=\"noreferrer noopener\">Voir le document (PDF)<\/a><\/p>\n<\/div><\/div>\n\n\n\n<div class=\"wp-block-media-text alignwide is-stacked-on-mobile\" style=\"grid-template-columns:22% auto\"><figure class=\"wp-block-media-text__media\"><a href=\"https:\/\/www.cabinet-jvl.fr\/site\/wp-content\/uploads\/20_FDGSR_001_bilan.pdf\" target=\"_blank\" rel=\"noreferrer noopener\"><img loading=\"lazy\" decoding=\"async\" width=\"251\" height=\"201\" src=\"https:\/\/www.cabinet-jvl.fr\/site\/wp-content\/uploads\/images.png\" alt=\"\" class=\"wp-image-1521 size-full\"\/><\/a><\/figure><div class=\"wp-block-media-text__content\">\n<p><strong>Evaluation 9,1\/10<\/strong> <em>par<\/em> <strong>CNFPT<\/strong><br><small>Suite \u00e0 la formation &#8220;Diversit\u00e9 de genre, de sexualit\u00e9 et de relation&#8221;<br>Organis\u00e9e \u00e0 la demande du CNFPT<br>14-15\/03\/2024 et 18-19\/04\/2024<\/small><br><a href=\"https:\/\/www.cabinet-jvl.fr\/site\/wp-content\/uploads\/20_FDGSR_001_bilan.pdf\" target=\"_blank\" rel=\"noreferrer noopener\">Voir le document (PDF)<\/a><\/p>\n<\/div><\/div>\n\n\n\n<p><\/p>\n","protected":false},"excerpt":{"rendered":"<p>Au fil des ann\u00e9es, j&#8217;ai capitalis\u00e9 des comp\u00e9tences et des exp\u00e9riences dans les sph\u00e8res de la psychologie, de l&#8217;anthropologie, de la sociologie et de la g\u00e9ographie humaine. De la recherche fondamentale \u00e0 l&#8217;action publique, de la mod\u00e9lisation des dynamiques collectives \u00e0 l&#8217;accompagnement th\u00e9rapeutique, ce parcours pluridisciplinaire s&#8217;ancre dans une exploration curieuse de l&#8217;Humain et de [&hellip;]<\/p>\n","protected":false},"author":1,"featured_media":1615,"parent":0,"menu_order":0,"comment_status":"closed","ping_status":"closed","template":"page.php","meta":{"footnotes":""},"class_list":["post-188","page","type-page","status-publish","has-post-thumbnail","hentry"],"yoast_head":"<!-- This site is optimized with the Yoast SEO plugin v23.6 - https:\/\/yoast.com\/wordpress\/plugins\/seo\/ -->\n<title>J\u00e9r\u00f4me Valentin-L\u00e9autaud - Cabinet JVL<\/title>\n<meta name=\"robots\" content=\"index, follow, max-snippet:-1, max-image-preview:large, max-video-preview:-1\" \/>\n<link rel=\"canonical\" href=\"https:\/\/www.cabinet-jvl.fr\/site\/qui-est-jerome-valentin-leautaud\/\" \/>\n<meta property=\"og:locale\" content=\"fr_FR\" \/>\n<meta property=\"og:type\" content=\"article\" \/>\n<meta property=\"og:title\" content=\"J\u00e9r\u00f4me Valentin-L\u00e9autaud - Cabinet JVL\" \/>\n<meta property=\"og:description\" content=\"Au fil des ann\u00e9es, j&#8217;ai capitalis\u00e9 des comp\u00e9tences et des exp\u00e9riences dans les sph\u00e8res de la psychologie, de l&#8217;anthropologie, de la sociologie et de la g\u00e9ographie humaine. De la recherche fondamentale \u00e0 l&#8217;action publique, de la mod\u00e9lisation des dynamiques collectives \u00e0 l&#8217;accompagnement th\u00e9rapeutique, ce parcours pluridisciplinaire s&#8217;ancre dans une exploration curieuse de l&#8217;Humain et de [&hellip;]\" \/>\n<meta property=\"og:url\" content=\"https:\/\/www.cabinet-jvl.fr\/site\/qui-est-jerome-valentin-leautaud\/\" \/>\n<meta property=\"og:site_name\" content=\"Cabinet JVL\" \/>\n<meta property=\"article:publisher\" content=\"https:\/\/www.facebook.com\/CabinetJVL\" \/>\n<meta property=\"article:modified_time\" content=\"2025-10-23T14:27:26+00:00\" \/>\n<meta property=\"og:image\" content=\"https:\/\/www.cabinet-jvl.fr\/site\/wp-content\/uploads\/2025-02-28_Jerome_shooting_0258-scaled.jpg\" \/>\n\t<meta property=\"og:image:width\" content=\"1707\" \/>\n\t<meta property=\"og:image:height\" content=\"2560\" \/>\n\t<meta property=\"og:image:type\" content=\"image\/jpeg\" \/>\n<meta name=\"twitter:card\" content=\"summary_large_image\" \/>\n<meta name=\"twitter:site\" content=\"@lamethodejvl\" \/>\n<meta name=\"twitter:label1\" content=\"Dur\u00e9e de lecture estim\u00e9e\" \/>\n\t<meta name=\"twitter:data1\" content=\"9 minutes\" \/>\n<script type=\"application\/ld+json\" class=\"yoast-schema-graph\">{\"@context\":\"https:\/\/schema.org\",\"@graph\":[{\"@type\":\"WebPage\",\"@id\":\"https:\/\/www.cabinet-jvl.fr\/site\/qui-est-jerome-valentin-leautaud\/\",\"url\":\"https:\/\/www.cabinet-jvl.fr\/site\/qui-est-jerome-valentin-leautaud\/\",\"name\":\"J\u00e9r\u00f4me Valentin-L\u00e9autaud - Cabinet JVL\",\"isPartOf\":{\"@id\":\"https:\/\/www.cabinet-jvl.fr\/site\/#website\"},\"primaryImageOfPage\":{\"@id\":\"https:\/\/www.cabinet-jvl.fr\/site\/qui-est-jerome-valentin-leautaud\/#primaryimage\"},\"image\":{\"@id\":\"https:\/\/www.cabinet-jvl.fr\/site\/qui-est-jerome-valentin-leautaud\/#primaryimage\"},\"thumbnailUrl\":\"https:\/\/www.cabinet-jvl.fr\/site\/wp-content\/uploads\/2025-02-28_Jerome_shooting_0258-scaled.jpg\",\"datePublished\":\"2022-06-23T10:17:11+00:00\",\"dateModified\":\"2025-10-23T14:27:26+00:00\",\"breadcrumb\":{\"@id\":\"https:\/\/www.cabinet-jvl.fr\/site\/qui-est-jerome-valentin-leautaud\/#breadcrumb\"},\"inLanguage\":\"fr-FR\",\"potentialAction\":[{\"@type\":\"ReadAction\",\"target\":[\"https:\/\/www.cabinet-jvl.fr\/site\/qui-est-jerome-valentin-leautaud\/\"]}]},{\"@type\":\"ImageObject\",\"inLanguage\":\"fr-FR\",\"@id\":\"https:\/\/www.cabinet-jvl.fr\/site\/qui-est-jerome-valentin-leautaud\/#primaryimage\",\"url\":\"https:\/\/www.cabinet-jvl.fr\/site\/wp-content\/uploads\/2025-02-28_Jerome_shooting_0258-scaled.jpg\",\"contentUrl\":\"https:\/\/www.cabinet-jvl.fr\/site\/wp-content\/uploads\/2025-02-28_Jerome_shooting_0258-scaled.jpg\",\"width\":1707,\"height\":2560,\"caption\":\"Romain Jacquot\"},{\"@type\":\"BreadcrumbList\",\"@id\":\"https:\/\/www.cabinet-jvl.fr\/site\/qui-est-jerome-valentin-leautaud\/#breadcrumb\",\"itemListElement\":[{\"@type\":\"ListItem\",\"position\":1,\"name\":\"Accueil\",\"item\":\"https:\/\/www.cabinet-jvl.fr\/site\/\"},{\"@type\":\"ListItem\",\"position\":2,\"name\":\"J\u00e9r\u00f4me Valentin-L\u00e9autaud\"}]},{\"@type\":\"WebSite\",\"@id\":\"https:\/\/www.cabinet-jvl.fr\/site\/#website\",\"url\":\"https:\/\/www.cabinet-jvl.fr\/site\/\",\"name\":\"Cabinet JVL\",\"description\":\"J\u00e9r\u00f4me Valentin-L\u00e9autaud, Th\u00e9rapeute Consultant et Formateur \u00e0 Nice\",\"publisher\":{\"@id\":\"https:\/\/www.cabinet-jvl.fr\/site\/#organization\"},\"potentialAction\":[{\"@type\":\"SearchAction\",\"target\":{\"@type\":\"EntryPoint\",\"urlTemplate\":\"https:\/\/www.cabinet-jvl.fr\/site\/?s={search_term_string}\"},\"query-input\":{\"@type\":\"PropertyValueSpecification\",\"valueRequired\":true,\"valueName\":\"search_term_string\"}}],\"inLanguage\":\"fr-FR\"},{\"@type\":\"Organization\",\"@id\":\"https:\/\/www.cabinet-jvl.fr\/site\/#organization\",\"name\":\"Cabinet J\u00e9r\u00f4me Valentin-L\u00e9autaud\",\"url\":\"https:\/\/www.cabinet-jvl.fr\/site\/\",\"logo\":{\"@type\":\"ImageObject\",\"inLanguage\":\"fr-FR\",\"@id\":\"https:\/\/www.cabinet-jvl.fr\/site\/#\/schema\/logo\/image\/\",\"url\":\"https:\/\/www.cabinet-jvl.fr\/site\/wp-content\/uploads\/logo-cabinet-jvl-s.png\",\"contentUrl\":\"https:\/\/www.cabinet-jvl.fr\/site\/wp-content\/uploads\/logo-cabinet-jvl-s.png\",\"width\":1044,\"height\":638,\"caption\":\"Cabinet J\u00e9r\u00f4me Valentin-L\u00e9autaud\"},\"image\":{\"@id\":\"https:\/\/www.cabinet-jvl.fr\/site\/#\/schema\/logo\/image\/\"},\"sameAs\":[\"https:\/\/www.facebook.com\/CabinetJVL\",\"https:\/\/x.com\/lamethodejvl\"]}]}<\/script>\n<!-- \/ Yoast SEO plugin. -->","yoast_head_json":{"title":"J\u00e9r\u00f4me Valentin-L\u00e9autaud - Cabinet JVL","robots":{"index":"index","follow":"follow","max-snippet":"max-snippet:-1","max-image-preview":"max-image-preview:large","max-video-preview":"max-video-preview:-1"},"canonical":"https:\/\/www.cabinet-jvl.fr\/site\/qui-est-jerome-valentin-leautaud\/","og_locale":"fr_FR","og_type":"article","og_title":"J\u00e9r\u00f4me Valentin-L\u00e9autaud - Cabinet JVL","og_description":"Au fil des ann\u00e9es, j&#8217;ai capitalis\u00e9 des comp\u00e9tences et des exp\u00e9riences dans les sph\u00e8res de la psychologie, de l&#8217;anthropologie, de la sociologie et de la g\u00e9ographie humaine. De la recherche fondamentale \u00e0 l&#8217;action publique, de la mod\u00e9lisation des dynamiques collectives \u00e0 l&#8217;accompagnement th\u00e9rapeutique, ce parcours pluridisciplinaire s&#8217;ancre dans une exploration curieuse de l&#8217;Humain et de [&hellip;]","og_url":"https:\/\/www.cabinet-jvl.fr\/site\/qui-est-jerome-valentin-leautaud\/","og_site_name":"Cabinet JVL","article_publisher":"https:\/\/www.facebook.com\/CabinetJVL","article_modified_time":"2025-10-23T14:27:26+00:00","og_image":[{"width":1707,"height":2560,"url":"https:\/\/www.cabinet-jvl.fr\/site\/wp-content\/uploads\/2025-02-28_Jerome_shooting_0258-scaled.jpg","type":"image\/jpeg"}],"twitter_card":"summary_large_image","twitter_site":"@lamethodejvl","twitter_misc":{"Dur\u00e9e de lecture estim\u00e9e":"9 minutes"},"schema":{"@context":"https:\/\/schema.org","@graph":[{"@type":"WebPage","@id":"https:\/\/www.cabinet-jvl.fr\/site\/qui-est-jerome-valentin-leautaud\/","url":"https:\/\/www.cabinet-jvl.fr\/site\/qui-est-jerome-valentin-leautaud\/","name":"J\u00e9r\u00f4me Valentin-L\u00e9autaud - Cabinet JVL","isPartOf":{"@id":"https:\/\/www.cabinet-jvl.fr\/site\/#website"},"primaryImageOfPage":{"@id":"https:\/\/www.cabinet-jvl.fr\/site\/qui-est-jerome-valentin-leautaud\/#primaryimage"},"image":{"@id":"https:\/\/www.cabinet-jvl.fr\/site\/qui-est-jerome-valentin-leautaud\/#primaryimage"},"thumbnailUrl":"https:\/\/www.cabinet-jvl.fr\/site\/wp-content\/uploads\/2025-02-28_Jerome_shooting_0258-scaled.jpg","datePublished":"2022-06-23T10:17:11+00:00","dateModified":"2025-10-23T14:27:26+00:00","breadcrumb":{"@id":"https:\/\/www.cabinet-jvl.fr\/site\/qui-est-jerome-valentin-leautaud\/#breadcrumb"},"inLanguage":"fr-FR","potentialAction":[{"@type":"ReadAction","target":["https:\/\/www.cabinet-jvl.fr\/site\/qui-est-jerome-valentin-leautaud\/"]}]},{"@type":"ImageObject","inLanguage":"fr-FR","@id":"https:\/\/www.cabinet-jvl.fr\/site\/qui-est-jerome-valentin-leautaud\/#primaryimage","url":"https:\/\/www.cabinet-jvl.fr\/site\/wp-content\/uploads\/2025-02-28_Jerome_shooting_0258-scaled.jpg","contentUrl":"https:\/\/www.cabinet-jvl.fr\/site\/wp-content\/uploads\/2025-02-28_Jerome_shooting_0258-scaled.jpg","width":1707,"height":2560,"caption":"Romain Jacquot"},{"@type":"BreadcrumbList","@id":"https:\/\/www.cabinet-jvl.fr\/site\/qui-est-jerome-valentin-leautaud\/#breadcrumb","itemListElement":[{"@type":"ListItem","position":1,"name":"Accueil","item":"https:\/\/www.cabinet-jvl.fr\/site\/"},{"@type":"ListItem","position":2,"name":"J\u00e9r\u00f4me Valentin-L\u00e9autaud"}]},{"@type":"WebSite","@id":"https:\/\/www.cabinet-jvl.fr\/site\/#website","url":"https:\/\/www.cabinet-jvl.fr\/site\/","name":"Cabinet JVL","description":"J\u00e9r\u00f4me Valentin-L\u00e9autaud, Th\u00e9rapeute Consultant et Formateur \u00e0 Nice","publisher":{"@id":"https:\/\/www.cabinet-jvl.fr\/site\/#organization"},"potentialAction":[{"@type":"SearchAction","target":{"@type":"EntryPoint","urlTemplate":"https:\/\/www.cabinet-jvl.fr\/site\/?s={search_term_string}"},"query-input":{"@type":"PropertyValueSpecification","valueRequired":true,"valueName":"search_term_string"}}],"inLanguage":"fr-FR"},{"@type":"Organization","@id":"https:\/\/www.cabinet-jvl.fr\/site\/#organization","name":"Cabinet J\u00e9r\u00f4me Valentin-L\u00e9autaud","url":"https:\/\/www.cabinet-jvl.fr\/site\/","logo":{"@type":"ImageObject","inLanguage":"fr-FR","@id":"https:\/\/www.cabinet-jvl.fr\/site\/#\/schema\/logo\/image\/","url":"https:\/\/www.cabinet-jvl.fr\/site\/wp-content\/uploads\/logo-cabinet-jvl-s.png","contentUrl":"https:\/\/www.cabinet-jvl.fr\/site\/wp-content\/uploads\/logo-cabinet-jvl-s.png","width":1044,"height":638,"caption":"Cabinet J\u00e9r\u00f4me Valentin-L\u00e9autaud"},"image":{"@id":"https:\/\/www.cabinet-jvl.fr\/site\/#\/schema\/logo\/image\/"},"sameAs":["https:\/\/www.facebook.com\/CabinetJVL","https:\/\/x.com\/lamethodejvl"]}]}},"_links":{"self":[{"href":"https:\/\/www.cabinet-jvl.fr\/site\/wp-json\/wp\/v2\/pages\/188","targetHints":{"allow":["GET"]}}],"collection":[{"href":"https:\/\/www.cabinet-jvl.fr\/site\/wp-json\/wp\/v2\/pages"}],"about":[{"href":"https:\/\/www.cabinet-jvl.fr\/site\/wp-json\/wp\/v2\/types\/page"}],"author":[{"embeddable":true,"href":"https:\/\/www.cabinet-jvl.fr\/site\/wp-json\/wp\/v2\/users\/1"}],"replies":[{"embeddable":true,"href":"https:\/\/www.cabinet-jvl.fr\/site\/wp-json\/wp\/v2\/comments?post=188"}],"version-history":[{"count":21,"href":"https:\/\/www.cabinet-jvl.fr\/site\/wp-json\/wp\/v2\/pages\/188\/revisions"}],"predecessor-version":[{"id":1693,"href":"https:\/\/www.cabinet-jvl.fr\/site\/wp-json\/wp\/v2\/pages\/188\/revisions\/1693"}],"wp:featuredmedia":[{"embeddable":true,"href":"https:\/\/www.cabinet-jvl.fr\/site\/wp-json\/wp\/v2\/media\/1615"}],"wp:attachment":[{"href":"https:\/\/www.cabinet-jvl.fr\/site\/wp-json\/wp\/v2\/media?parent=188"}],"curies":[{"name":"wp","href":"https:\/\/api.w.org\/{rel}","templated":true}]}}