{"id":170,"date":"2022-06-23T08:30:55","date_gmt":"2022-06-23T08:30:55","guid":{"rendered":"https:\/\/www.cabinet-jvl.fr\/site\/?page_id=170"},"modified":"2024-10-01T14:41:31","modified_gmt":"2024-10-01T12:41:31","slug":"plan-des-acces-et-des-transports","status":"publish","type":"page","link":"https:\/\/www.cabinet-jvl.fr\/site\/plan-des-acces-et-des-transports\/","title":{"rendered":"Plan des acc\u00e8s et des transports"},"content":{"rendered":"\n<p>Le <a data-type=\"URL\" data-id=\"https:\/\/www.google.fr\/maps\/place\/J%C3%A9r%C3%B4me+VALENTIN-LEAUTAUD+(Cabinet+JVL)+:+Th%C3%A9rapie+%26+consulting\/@48.6911578,6.1747135,17z\/data=!3m1!4b1!4m5!3m4!1s0x479499bf9ef2e82b:0x842f17038e0fd90f!8m2!3d48.6911543!4d6.1769075\" href=\"https:\/\/www.google.fr\/maps\/place\/J%C3%A9r%C3%B4me+VALENTIN-LEAUTAUD+(Cabinet+JVL)+:+Th%C3%A9rapie+%26+consulting\/@48.6911578,6.1747135,17z\/data=!3m1!4b1!4m5!3m4!1s0x479499bf9ef2e82b:0x842f17038e0fd90f!8m2!3d48.6911543!4d6.1769075\" target=\"_blank\" rel=\"noreferrer noopener\">Cabinet JVL<\/a> a des bureaux \u00e0 <a href=\"https:\/\/www.cabinet-jvl.fr\/site\/plan-des-acces-et-des-transports\/#Nice\"><strong>Nice (06)<\/strong><\/a>.<\/p>\n\n\n\n<!--more-->\n\n\n\n<h2 class=\"wp-block-heading\" id=\"Nice\">Bureau \u00e0 Nice<\/h2>\n\n\n\n<p class=\"has-text-align-center\"><strong>Le Cabinet JVL<\/strong><br>Immeuble Le Wilson<br>17, rue de l&#8217;H\u00f4tel des Postes<br>06000 Nice<br>Tel. 07.56.94.97.47.<br><a data-type=\"page\" data-id=\"12\" href=\"https:\/\/www.cabinet-jvl.fr\/site\/nous-contacter\/\">Formulaire de contact<\/a><\/p>\n\n\n\n<hr class=\"wp-block-separator has-alpha-channel-opacity\"\/>\n\n\n\n<h3 class=\"wp-block-heading has-text-align-center\">Plan de situation<\/h3>\n\n\n\n<iframe src=\"https:\/\/www.google.com\/maps\/embed?pb=!1m18!1m12!1m3!1d954.9222187067753!2d7.273513028554133!3d43.70047286775336!2m3!1f0!2f0!3f0!3m2!1i1024!2i768!4f13.1!3m3!1m2!1s0x12cddaa51d6101af%3A0xa4e7d7e07bf42deb!2s17%20Rue%20de%20l&#39;H%C3%B4tel%20des%20Postes%2C%2006000%20Nice!5e1!3m2!1sfr!2sfr!4v1727784786512!5m2!1sfr!2sfr\" width=\"600\" height=\"450\" style=\"border:0;\" allowfullscreen=\"\" loading=\"lazy\" referrerpolicy=\"no-referrer-when-downgrade\"><\/iframe>\n\n\n\n<p class=\"has-text-align-center\">Retrouvez la fiche du Cabinet de Nice sur Google Maps (en cours de validation)<\/p>\n\n\n\n<hr class=\"wp-block-separator has-alpha-channel-opacity\"\/>\n\n\n\n<h3 class=\"wp-block-heading has-text-align-center\">Transports et facilit\u00e9s<\/h3>\n\n\n\n<p class=\"has-text-align-center\"><strong>Depuis l&#8217;a\u00e9roport<\/strong><br>Tramway Ligne 2, arr\u00eat Durandy<\/p>\n\n\n\n<p class=\"has-text-align-center\"><strong>Depuis la gare<\/strong><br>Tramway Ligne 1, jusqu&#8217;\u00e0 l&#8217;arr\u00eat Jean M\u00e9decin, <br>puis Tramway Ligne 2 jusqu&#8217;\u00e0 l&#8217;arr\u00eat Durandy<\/p>\n\n\n\n<p class=\"has-text-align-center\"><strong>Arr\u00eat de Tramway <\/strong><br>Durandy (Ligne 2)<br><a href=\"https:\/\/www.lignesdazur.com\/itineraires\" target=\"_blank\" rel=\"noreferrer noopener\">Planifiez votre itin\u00e9raire<\/a><\/p>\n\n\n\n<p class=\"has-text-align-center\"><strong>Arr\u00eats de bus<br><\/strong>Wilson (ligne 5)<br>Tr\u00e9sorerie (ligne 38)<br>Alberti\/H\u00f4tel des Postes (ligne 57)<br>Pastorelli (ligne 99)<br><a href=\"https:\/\/www.lignesdazur.com\/itineraires\" target=\"_blank\" rel=\"noreferrer noopener\">Planifiez votre itin\u00e9raire<\/a><\/p>\n\n\n\n<p class=\"has-text-align-center\"><strong>R\u00e9seau de v\u00e9lo<\/strong><br>Parcs \u00e0 v\u00e9lo s\u00e9curis\u00e9s et R\u00e9seau V\u00e9lo Bleu<br><a href=\"https:\/\/www.velobleu.org\" target=\"_blank\" rel=\"noreferrer noopener\">Tout savoir sur V\u00e9lo Bleu<\/a><\/p>\n\n\n\n<p class=\"has-text-align-center\"><strong>Parkings \u00e0 proximit\u00e9<\/strong><br><a href=\"https:\/\/maps.app.goo.gl\/ETp2g3bc9cZMcZ676\">PARC AUTO PROMENADE DES ARTS<\/a> <br>(6 min. \u00e0 pieds du Cabinet)<\/p>\n\n\n\n<p class=\"has-text-align-center\"><a href=\"https:\/\/maps.app.goo.gl\/Lu2a7dq2HLzJyiPZA\">PARC AUTO MARSHALL<\/a> <br>(6 min. \u00e0 pieds du Cabinet)<\/p>\n\n\n\n<p class=\"has-text-align-center\"><a href=\"https:\/\/maps.app.goo.gl\/oaPqHiF8TNJrPrHg8\">PARC AUTO LAMARTINE<\/a> <br>(8 min. \u00e0 pieds du Cabinet)<\/p>\n","protected":false},"excerpt":{"rendered":"<p>Le Cabinet JVL a des bureaux \u00e0 Nice (06).<\/p>\n","protected":false},"author":1,"featured_media":1463,"parent":0,"menu_order":0,"comment_status":"closed","ping_status":"closed","template":"page.php","meta":{"footnotes":""},"class_list":["post-170","page","type-page","status-publish","has-post-thumbnail","hentry"],"yoast_head":"<!-- This site is optimized with the Yoast SEO plugin v23.6 - https:\/\/yoast.com\/wordpress\/plugins\/seo\/ -->\n<title>Plan des acc\u00e8s et des transports - Cabinet JVL<\/title>\n<meta name=\"robots\" content=\"index, follow, max-snippet:-1, max-image-preview:large, max-video-preview:-1\" \/>\n<link rel=\"canonical\" href=\"https:\/\/www.cabinet-jvl.fr\/site\/plan-des-acces-et-des-transports\/\" \/>\n<meta property=\"og:locale\" content=\"fr_FR\" \/>\n<meta property=\"og:type\" content=\"article\" \/>\n<meta property=\"og:title\" content=\"Plan des acc\u00e8s et des transports - Cabinet JVL\" \/>\n<meta property=\"og:description\" content=\"Le Cabinet JVL a des bureaux \u00e0 Nice (06).\" \/>\n<meta property=\"og:url\" content=\"https:\/\/www.cabinet-jvl.fr\/site\/plan-des-acces-et-des-transports\/\" \/>\n<meta property=\"og:site_name\" content=\"Cabinet JVL\" \/>\n<meta property=\"article:publisher\" content=\"https:\/\/www.facebook.com\/CabinetJVL\" \/>\n<meta property=\"article:modified_time\" content=\"2024-10-01T12:41:31+00:00\" \/>\n<meta property=\"og:image\" content=\"https:\/\/www.cabinet-jvl.fr\/site\/wp-content\/uploads\/Nice_tramway_place_Garibaldi.jpg\" \/>\n\t<meta property=\"og:image:width\" content=\"1920\" \/>\n\t<meta property=\"og:image:height\" content=\"1135\" \/>\n\t<meta property=\"og:image:type\" content=\"image\/jpeg\" \/>\n<meta name=\"twitter:card\" content=\"summary_large_image\" \/>\n<meta name=\"twitter:site\" content=\"@lamethodejvl\" \/>\n<meta name=\"twitter:label1\" content=\"Dur\u00e9e de lecture estim\u00e9e\" \/>\n\t<meta name=\"twitter:data1\" content=\"1 minute\" \/>\n<script type=\"application\/ld+json\" class=\"yoast-schema-graph\">{\"@context\":\"https:\/\/schema.org\",\"@graph\":[{\"@type\":\"WebPage\",\"@id\":\"https:\/\/www.cabinet-jvl.fr\/site\/plan-des-acces-et-des-transports\/\",\"url\":\"https:\/\/www.cabinet-jvl.fr\/site\/plan-des-acces-et-des-transports\/\",\"name\":\"Plan des acc\u00e8s et des transports - Cabinet JVL\",\"isPartOf\":{\"@id\":\"https:\/\/www.cabinet-jvl.fr\/site\/#website\"},\"primaryImageOfPage\":{\"@id\":\"https:\/\/www.cabinet-jvl.fr\/site\/plan-des-acces-et-des-transports\/#primaryimage\"},\"image\":{\"@id\":\"https:\/\/www.cabinet-jvl.fr\/site\/plan-des-acces-et-des-transports\/#primaryimage\"},\"thumbnailUrl\":\"https:\/\/www.cabinet-jvl.fr\/site\/wp-content\/uploads\/Nice_tramway_place_Garibaldi.jpg\",\"datePublished\":\"2022-06-23T08:30:55+00:00\",\"dateModified\":\"2024-10-01T12:41:31+00:00\",\"breadcrumb\":{\"@id\":\"https:\/\/www.cabinet-jvl.fr\/site\/plan-des-acces-et-des-transports\/#breadcrumb\"},\"inLanguage\":\"fr-FR\",\"potentialAction\":[{\"@type\":\"ReadAction\",\"target\":[\"https:\/\/www.cabinet-jvl.fr\/site\/plan-des-acces-et-des-transports\/\"]}]},{\"@type\":\"ImageObject\",\"inLanguage\":\"fr-FR\",\"@id\":\"https:\/\/www.cabinet-jvl.fr\/site\/plan-des-acces-et-des-transports\/#primaryimage\",\"url\":\"https:\/\/www.cabinet-jvl.fr\/site\/wp-content\/uploads\/Nice_tramway_place_Garibaldi.jpg\",\"contentUrl\":\"https:\/\/www.cabinet-jvl.fr\/site\/wp-content\/uploads\/Nice_tramway_place_Garibaldi.jpg\",\"width\":1920,\"height\":1135,\"caption\":\"Photo : Myrabella\"},{\"@type\":\"BreadcrumbList\",\"@id\":\"https:\/\/www.cabinet-jvl.fr\/site\/plan-des-acces-et-des-transports\/#breadcrumb\",\"itemListElement\":[{\"@type\":\"ListItem\",\"position\":1,\"name\":\"Accueil\",\"item\":\"https:\/\/www.cabinet-jvl.fr\/site\/\"},{\"@type\":\"ListItem\",\"position\":2,\"name\":\"Plan des acc\u00e8s et des transports\"}]},{\"@type\":\"WebSite\",\"@id\":\"https:\/\/www.cabinet-jvl.fr\/site\/#website\",\"url\":\"https:\/\/www.cabinet-jvl.fr\/site\/\",\"name\":\"Cabinet JVL\",\"description\":\"J\u00e9r\u00f4me Valentin-L\u00e9autaud, Th\u00e9rapeute Consultant et Formateur \u00e0 Nice\",\"publisher\":{\"@id\":\"https:\/\/www.cabinet-jvl.fr\/site\/#organization\"},\"potentialAction\":[{\"@type\":\"SearchAction\",\"target\":{\"@type\":\"EntryPoint\",\"urlTemplate\":\"https:\/\/www.cabinet-jvl.fr\/site\/?s={search_term_string}\"},\"query-input\":{\"@type\":\"PropertyValueSpecification\",\"valueRequired\":true,\"valueName\":\"search_term_string\"}}],\"inLanguage\":\"fr-FR\"},{\"@type\":\"Organization\",\"@id\":\"https:\/\/www.cabinet-jvl.fr\/site\/#organization\",\"name\":\"Cabinet J\u00e9r\u00f4me Valentin-L\u00e9autaud\",\"url\":\"https:\/\/www.cabinet-jvl.fr\/site\/\",\"logo\":{\"@type\":\"ImageObject\",\"inLanguage\":\"fr-FR\",\"@id\":\"https:\/\/www.cabinet-jvl.fr\/site\/#\/schema\/logo\/image\/\",\"url\":\"https:\/\/www.cabinet-jvl.fr\/site\/wp-content\/uploads\/logo-cabinet-jvl-s.png\",\"contentUrl\":\"https:\/\/www.cabinet-jvl.fr\/site\/wp-content\/uploads\/logo-cabinet-jvl-s.png\",\"width\":1044,\"height\":638,\"caption\":\"Cabinet J\u00e9r\u00f4me Valentin-L\u00e9autaud\"},\"image\":{\"@id\":\"https:\/\/www.cabinet-jvl.fr\/site\/#\/schema\/logo\/image\/\"},\"sameAs\":[\"https:\/\/www.facebook.com\/CabinetJVL\",\"https:\/\/x.com\/lamethodejvl\"]}]}<\/script>\n<!-- \/ Yoast SEO plugin. -->","yoast_head_json":{"title":"Plan des acc\u00e8s et des transports - Cabinet JVL","robots":{"index":"index","follow":"follow","max-snippet":"max-snippet:-1","max-image-preview":"max-image-preview:large","max-video-preview":"max-video-preview:-1"},"canonical":"https:\/\/www.cabinet-jvl.fr\/site\/plan-des-acces-et-des-transports\/","og_locale":"fr_FR","og_type":"article","og_title":"Plan des acc\u00e8s et des transports - Cabinet JVL","og_description":"Le Cabinet JVL a des bureaux \u00e0 Nice (06).","og_url":"https:\/\/www.cabinet-jvl.fr\/site\/plan-des-acces-et-des-transports\/","og_site_name":"Cabinet JVL","article_publisher":"https:\/\/www.facebook.com\/CabinetJVL","article_modified_time":"2024-10-01T12:41:31+00:00","og_image":[{"width":1920,"height":1135,"url":"https:\/\/www.cabinet-jvl.fr\/site\/wp-content\/uploads\/Nice_tramway_place_Garibaldi.jpg","type":"image\/jpeg"}],"twitter_card":"summary_large_image","twitter_site":"@lamethodejvl","twitter_misc":{"Dur\u00e9e de lecture estim\u00e9e":"1 minute"},"schema":{"@context":"https:\/\/schema.org","@graph":[{"@type":"WebPage","@id":"https:\/\/www.cabinet-jvl.fr\/site\/plan-des-acces-et-des-transports\/","url":"https:\/\/www.cabinet-jvl.fr\/site\/plan-des-acces-et-des-transports\/","name":"Plan des acc\u00e8s et des transports - Cabinet JVL","isPartOf":{"@id":"https:\/\/www.cabinet-jvl.fr\/site\/#website"},"primaryImageOfPage":{"@id":"https:\/\/www.cabinet-jvl.fr\/site\/plan-des-acces-et-des-transports\/#primaryimage"},"image":{"@id":"https:\/\/www.cabinet-jvl.fr\/site\/plan-des-acces-et-des-transports\/#primaryimage"},"thumbnailUrl":"https:\/\/www.cabinet-jvl.fr\/site\/wp-content\/uploads\/Nice_tramway_place_Garibaldi.jpg","datePublished":"2022-06-23T08:30:55+00:00","dateModified":"2024-10-01T12:41:31+00:00","breadcrumb":{"@id":"https:\/\/www.cabinet-jvl.fr\/site\/plan-des-acces-et-des-transports\/#breadcrumb"},"inLanguage":"fr-FR","potentialAction":[{"@type":"ReadAction","target":["https:\/\/www.cabinet-jvl.fr\/site\/plan-des-acces-et-des-transports\/"]}]},{"@type":"ImageObject","inLanguage":"fr-FR","@id":"https:\/\/www.cabinet-jvl.fr\/site\/plan-des-acces-et-des-transports\/#primaryimage","url":"https:\/\/www.cabinet-jvl.fr\/site\/wp-content\/uploads\/Nice_tramway_place_Garibaldi.jpg","contentUrl":"https:\/\/www.cabinet-jvl.fr\/site\/wp-content\/uploads\/Nice_tramway_place_Garibaldi.jpg","width":1920,"height":1135,"caption":"Photo : Myrabella"},{"@type":"BreadcrumbList","@id":"https:\/\/www.cabinet-jvl.fr\/site\/plan-des-acces-et-des-transports\/#breadcrumb","itemListElement":[{"@type":"ListItem","position":1,"name":"Accueil","item":"https:\/\/www.cabinet-jvl.fr\/site\/"},{"@type":"ListItem","position":2,"name":"Plan des acc\u00e8s et des transports"}]},{"@type":"WebSite","@id":"https:\/\/www.cabinet-jvl.fr\/site\/#website","url":"https:\/\/www.cabinet-jvl.fr\/site\/","name":"Cabinet JVL","description":"J\u00e9r\u00f4me Valentin-L\u00e9autaud, Th\u00e9rapeute Consultant et Formateur \u00e0 Nice","publisher":{"@id":"https:\/\/www.cabinet-jvl.fr\/site\/#organization"},"potentialAction":[{"@type":"SearchAction","target":{"@type":"EntryPoint","urlTemplate":"https:\/\/www.cabinet-jvl.fr\/site\/?s={search_term_string}"},"query-input":{"@type":"PropertyValueSpecification","valueRequired":true,"valueName":"search_term_string"}}],"inLanguage":"fr-FR"},{"@type":"Organization","@id":"https:\/\/www.cabinet-jvl.fr\/site\/#organization","name":"Cabinet J\u00e9r\u00f4me Valentin-L\u00e9autaud","url":"https:\/\/www.cabinet-jvl.fr\/site\/","logo":{"@type":"ImageObject","inLanguage":"fr-FR","@id":"https:\/\/www.cabinet-jvl.fr\/site\/#\/schema\/logo\/image\/","url":"https:\/\/www.cabinet-jvl.fr\/site\/wp-content\/uploads\/logo-cabinet-jvl-s.png","contentUrl":"https:\/\/www.cabinet-jvl.fr\/site\/wp-content\/uploads\/logo-cabinet-jvl-s.png","width":1044,"height":638,"caption":"Cabinet J\u00e9r\u00f4me Valentin-L\u00e9autaud"},"image":{"@id":"https:\/\/www.cabinet-jvl.fr\/site\/#\/schema\/logo\/image\/"},"sameAs":["https:\/\/www.facebook.com\/CabinetJVL","https:\/\/x.com\/lamethodejvl"]}]}},"_links":{"self":[{"href":"https:\/\/www.cabinet-jvl.fr\/site\/wp-json\/wp\/v2\/pages\/170","targetHints":{"allow":["GET"]}}],"collection":[{"href":"https:\/\/www.cabinet-jvl.fr\/site\/wp-json\/wp\/v2\/pages"}],"about":[{"href":"https:\/\/www.cabinet-jvl.fr\/site\/wp-json\/wp\/v2\/types\/page"}],"author":[{"embeddable":true,"href":"https:\/\/www.cabinet-jvl.fr\/site\/wp-json\/wp\/v2\/users\/1"}],"replies":[{"embeddable":true,"href":"https:\/\/www.cabinet-jvl.fr\/site\/wp-json\/wp\/v2\/comments?post=170"}],"version-history":[{"count":21,"href":"https:\/\/www.cabinet-jvl.fr\/site\/wp-json\/wp\/v2\/pages\/170\/revisions"}],"predecessor-version":[{"id":1465,"href":"https:\/\/www.cabinet-jvl.fr\/site\/wp-json\/wp\/v2\/pages\/170\/revisions\/1465"}],"wp:featuredmedia":[{"embeddable":true,"href":"https:\/\/www.cabinet-jvl.fr\/site\/wp-json\/wp\/v2\/media\/1463"}],"wp:attachment":[{"href":"https:\/\/www.cabinet-jvl.fr\/site\/wp-json\/wp\/v2\/media?parent=170"}],"curies":[{"name":"wp","href":"https:\/\/api.w.org\/{rel}","templated":true}]}}